{"id":15801,"date":"2025-11-21T19:12:21","date_gmt":"2025-11-21T18:12:21","guid":{"rendered":"https:\/\/trading-news.oneyeartarget.it\/?page_id=15801"},"modified":"2026-01-17T18:44:20","modified_gmt":"2026-01-17T17:44:20","slug":"cheveux-et-harmonie-a2-angle-octobre-2025-adv","status":"publish","type":"page","link":"https:\/\/trading-news.oneyeartarget.it\/index.php\/cheveux-et-harmonie-a2-angle-octobre-2025-adv\/","title":{"rendered":"Arwima &#8211; A2 &#8211; TAB &#8211; Angle News novembre 2025"},"content":{"rendered":"\t\t<div data-elementor-type=\"wp-page\" data-elementor-id=\"15801\" class=\"elementor elementor-15801\" data-elementor-post-type=\"page\">\n\t\t\t\t<div class=\"elementor-element elementor-element-7771a973 e-flex e-con-boxed e-con e-parent\" data-id=\"7771a973\" data-element_type=\"container\" data-e-type=\"container\" data-settings=\"{&quot;background_background&quot;:&quot;classic&quot;}\">\n\t\t\t\t\t<div class=\"e-con-inner\">\n\t\t<div class=\"elementor-element elementor-element-3a679e64 e-flex e-con-boxed e-con e-child\" data-id=\"3a679e64\" data-element_type=\"container\" data-e-type=\"container\">\n\t\t\t\t\t<div class=\"e-con-inner\">\n\t\t\t\t<div class=\"elementor-element elementor-element-5e8cd0ef elementor-widget elementor-widget-image\" data-id=\"5e8cd0ef\" data-element_type=\"widget\" data-e-type=\"widget\" data-widget_type=\"image.default\">\n\t\t\t\t<div class=\"elementor-widget-container\">\n\t\t\t\t\t\t\t\t\t\t\t\t\t\t\t<img decoding=\"async\" width=\"244\" height=\"71\" src=\"https:\/\/trading-news.oneyeartarget.it\/wp-content\/uploads\/2025\/09\/logo-copy-1.png\" class=\"attachment-full size-full wp-image-14796\" alt=\"\" \/>\t\t\t\t\t\t\t\t\t\t\t\t\t\t\t<\/div>\n\t\t\t\t<\/div>\n\t\t\t\t\t<\/div>\n\t\t\t\t<\/div>\n\t\t\t\t\t<\/div>\n\t\t\t\t<\/div>\n\t\t<div class=\"elementor-element elementor-element-603c7840 e-flex e-con-boxed e-con e-parent\" data-id=\"603c7840\" data-element_type=\"container\" data-e-type=\"container\" data-settings=\"{&quot;background_background&quot;:&quot;classic&quot;}\">\n\t\t\t\t\t<div class=\"e-con-inner\">\n\t\t<div class=\"elementor-element elementor-element-71268ece e-flex e-con-boxed e-con e-child\" data-id=\"71268ece\" data-element_type=\"container\" data-e-type=\"container\">\n\t\t\t\t\t<div class=\"e-con-inner\">\n\t\t\t\t<div class=\"elementor-element elementor-element-5ec81f9c elementor-widget elementor-widget-heading\" data-id=\"5ec81f9c\" data-element_type=\"widget\" data-e-type=\"widget\" data-widget_type=\"heading.default\">\n\t\t\t\t<div class=\"elementor-widget-container\">\n\t\t\t\t\t<h2 class=\"elementor-heading-title elementor-size-default\">Un naturopathe exp\u00e9riment\u00e9 avertit : \u00ab Ces 3 signaux r\u00e9v\u00e8lent si vos probl\u00e8mes capillaires sont caus\u00e9s par une carence en nutriments ! \u00bb<\/h2>\t\t\t\t<\/div>\n\t\t\t\t<\/div>\n\t\t\t\t<div class=\"elementor-element elementor-element-3d72f28a elementor-widget elementor-widget-text-editor\" data-id=\"3d72f28a\" data-element_type=\"widget\" data-e-type=\"widget\" data-widget_type=\"text-editor.default\">\n\t\t\t\t<div class=\"elementor-widget-container\">\n\t\t\t\t\t\t\t\t\t<p class=\"l2-p-3\">Alors que de nombreuses personnes ach\u00e8tent des shampooings et des traitements capillaires co\u00fbteux, un naturopathe renomm\u00e9 met en lumi\u00e8re ce dont beaucoup de ses coll\u00e8gues ne parlent qu\u2019\u00e0 voix basse : la plupart des probl\u00e8mes capillaires ont une cause enti\u00e8rement naturelle \u2013 et celle-ci peut \u00eatre identifi\u00e9e soi-m\u00eame gr\u00e2ce \u00e0 un simple test.<\/p><p class=\"l2-p-3\">Le meilleur dans tout cela ? On peut se passer compl\u00e8tement des produits capillaires co\u00fbteux\u2026<\/p>\t\t\t\t\t\t\t\t<\/div>\n\t\t\t\t<\/div>\n\t\t\t\t<div class=\"elementor-element elementor-element-506ba69c elementor-widget elementor-widget-image\" data-id=\"506ba69c\" data-element_type=\"widget\" data-e-type=\"widget\" data-widget_type=\"image.default\">\n\t\t\t\t<div class=\"elementor-widget-container\">\n\t\t\t\t\t\t\t\t\t\t\t\t\t\t\t<img fetchpriority=\"high\" decoding=\"async\" width=\"1075\" height=\"835\" src=\"https:\/\/trading-news.oneyeartarget.it\/wp-content\/uploads\/2025\/11\/xo-french-translation-1-e1763748849209.webp\" class=\"attachment-full size-full wp-image-15808\" alt=\"\" srcset=\"https:\/\/trading-news.oneyeartarget.it\/wp-content\/uploads\/2025\/11\/xo-french-translation-1-e1763748849209.webp 1075w, https:\/\/trading-news.oneyeartarget.it\/wp-content\/uploads\/2025\/11\/xo-french-translation-1-e1763748849209-300x233.webp 300w, https:\/\/trading-news.oneyeartarget.it\/wp-content\/uploads\/2025\/11\/xo-french-translation-1-e1763748849209-1024x795.webp 1024w, https:\/\/trading-news.oneyeartarget.it\/wp-content\/uploads\/2025\/11\/xo-french-translation-1-e1763748849209-768x597.webp 768w\" sizes=\"(max-width: 1075px) 100vw, 1075px\" \/>\t\t\t\t\t\t\t\t\t\t\t\t\t\t\t<\/div>\n\t\t\t\t<\/div>\n\t\t<div class=\"elementor-element elementor-element-21089aeb e-con-full e-flex e-con e-child\" data-id=\"21089aeb\" data-element_type=\"container\" data-e-type=\"container\">\n\t\t<div class=\"elementor-element elementor-element-7bb01576 e-con-full e-flex e-con e-child\" data-id=\"7bb01576\" data-element_type=\"container\" data-e-type=\"container\">\n\t\t\t\t<div class=\"elementor-element elementor-element-68f3bbb0 elementor-position-left elementor-position-left elementor-vertical-align-top elementor-widget__width-initial elementor-widget-tablet__width-initial elementor-vertical-align-top elementor-widget elementor-widget-image-box\" data-id=\"68f3bbb0\" data-element_type=\"widget\" data-e-type=\"widget\" data-widget_type=\"image-box.default\">\n\t\t\t\t<div class=\"elementor-widget-container\">\n\t\t\t\t\t<div class=\"elementor-image-box-wrapper\"><figure class=\"elementor-image-box-img\"><img decoding=\"async\" width=\"800\" height=\"800\" src=\"https:\/\/trading-news.oneyeartarget.it\/wp-content\/uploads\/2025\/09\/aa-1.jpg\" class=\"attachment-full size-full wp-image-14798\" alt=\"\" srcset=\"https:\/\/trading-news.oneyeartarget.it\/wp-content\/uploads\/2025\/09\/aa-1.jpg 800w, https:\/\/trading-news.oneyeartarget.it\/wp-content\/uploads\/2025\/09\/aa-1-300x300.jpg 300w, https:\/\/trading-news.oneyeartarget.it\/wp-content\/uploads\/2025\/09\/aa-1-150x150.jpg 150w, https:\/\/trading-news.oneyeartarget.it\/wp-content\/uploads\/2025\/09\/aa-1-768x768.jpg 768w\" sizes=\"(max-width: 800px) 100vw, 800px\" \/><\/figure><div class=\"elementor-image-box-content\"><h3 class=\"elementor-image-box-title\">Par Eva Richter<\/h3><p class=\"elementor-image-box-description\">Experte capillaire \u2013 R\u00e9dactrice senior<\/p><\/div><\/div>\t\t\t\t<\/div>\n\t\t\t\t<\/div>\n\t\t\t\t<\/div>\n\t\t<div class=\"elementor-element elementor-element-66fd3a4 e-con-full e-flex e-con e-child\" data-id=\"66fd3a4\" data-element_type=\"container\" data-e-type=\"container\">\n\t\t\t\t<div class=\"elementor-element elementor-element-6efb1a96 elementor-widget elementor-widget-text-editor\" data-id=\"6efb1a96\" data-element_type=\"widget\" data-e-type=\"widget\" data-widget_type=\"text-editor.default\">\n\t\t\t\t<div class=\"elementor-widget-container\">\n\t\t\t\t\t\t\t\t\t<p>10 janvier 2026<br \/>Advertorial<\/p>\t\t\t\t\t\t\t\t<\/div>\n\t\t\t\t<\/div>\n\t\t\t\t<\/div>\n\t\t\t\t<\/div>\n\t\t\t\t<div class=\"elementor-element elementor-element-55baa70f elementor-widget elementor-widget-text-editor\" data-id=\"55baa70f\" data-element_type=\"widget\" data-e-type=\"widget\" data-widget_type=\"text-editor.default\">\n\t\t\t\t<div class=\"elementor-widget-container\">\n\t\t\t\t\t\t\t\t\t<p><span style=\"font-weight: 400;\">Simon Leclerc est un naturopathe <strong>exp\u00e9riment\u00e9<\/strong> et un sp\u00e9cialiste reconnu de la <strong>sant\u00e9 des cheveux.<\/strong><\/span><\/p><p><span style=\"font-weight: 400;\">Dans son cabinet, il se retrouve toujours confront\u00e9 au m\u00eame sc\u00e9nario :<\/span><\/p><p><span style=\"font-weight: 400;\">Des personnes qui cherchent d\u00e9sesp\u00e9r\u00e9ment des solutions \u00e0 leurs probl\u00e8mes capillaires.<\/span><\/p><p><span style=\"font-weight: 400;\"><em>\u00ab Beaucoup m\u2019apportent toute une collection de produits \u00bb<\/em>, raconte le naturopathe avec un sourire.<\/span><span style=\"font-weight: 400;\"><br \/><\/span><\/p><p><em><span style=\"font-weight: 400;\">\u00ab Des <strong>s\u00e9rums<\/strong> co\u00fbteux aux <strong>shampooings<\/strong> sp\u00e9ciaux, jusqu\u2019aux compl\u00e9ments alimentaires \u2013 tout a d\u00e9j\u00e0 \u00e9t\u00e9 essay\u00e9.<\/span><\/em><\/p><p><em><span style=\"font-weight: 400;\">Mais la v\u00e9ritable cause reste <strong>souvent non d\u00e9couverte<\/strong>. \u00bb<\/span><\/em><\/p><p><em><span style=\"font-weight: 400;\">\u00ab La solution est en r\u00e9alit\u00e9 \u00e9tonnamment simple \u00bb, <\/span><\/em><span style=\"font-weight: 400;\">explique-t-il en ouvrant un atlas d\u2019anatomie.<\/span><\/p><p><em><span style=\"font-weight: 400;\">\u00ab Ici, on voit clairement que des cheveux en bonne sant\u00e9 ont besoin de <strong>bases solides<\/strong>.<\/span><\/em><\/p><p><em><span style=\"font-weight: 400;\">Et pourtant, l\u2019industrie de la beaut\u00e9 pr\u00e9f\u00e8re miser sur des solutions <strong>superficielles et co\u00fbteuses<\/strong>, au lieu de transmettre cette v\u00e9rit\u00e9 fondamentale. \u00bb<\/span><\/em><\/p><p><span style=\"font-weight: 400;\">Et pourtant, selon le naturopathe, le corps envoie des signaux d\u2019avertissement tr\u00e8s clairs :<\/span><\/p><p><em><span style=\"font-weight: 400;\">\u00ab Comme un <strong>syst\u00e8me d\u2019alarme<\/strong> qui fonctionne bien, il nous montre exactement quand ces fondations commencent \u00e0 <strong>vaciller<\/strong>. Il suffit d\u2019apprendre \u00e0<strong> interpr\u00e9ter correctement les signaux<\/strong>. \u00bb<\/span><\/em><\/p>\t\t\t\t\t\t\t\t<\/div>\n\t\t\t\t<\/div>\n\t\t\t\t<div class=\"elementor-element elementor-element-2d17da5 elementor-widget elementor-widget-heading\" data-id=\"2d17da5\" data-element_type=\"widget\" data-e-type=\"widget\" data-widget_type=\"heading.default\">\n\t\t\t\t<div class=\"elementor-widget-container\">\n\t\t\t\t\t<h3 class=\"elementor-heading-title elementor-size-default\">1. Signal d\u2019alarme : Vos cheveux deviennent visiblement plus fins\n<\/h3>\t\t\t\t<\/div>\n\t\t\t\t<\/div>\n\t\t\t\t<div class=\"elementor-element elementor-element-cc4c4c8 elementor-widget elementor-widget-text-editor\" data-id=\"cc4c4c8\" data-element_type=\"widget\" data-e-type=\"widget\" data-widget_type=\"text-editor.default\">\n\t\t\t\t<div class=\"elementor-widget-container\">\n\t\t\t\t\t\t\t\t\t<p><span style=\"font-weight: 400;\"><em>\u00ab Observez attentivement votre raie \u00bb<\/em>, conseille Leclerc.<\/span><\/p><p><em><span style=\"font-weight: 400;\">\u00ab Le cuir chevelu commence-t-il \u00e0 transpara\u00eetre ? Les cheveux dans cette zone deviennent-ils de plus en plus fins ? C\u2019est souvent le premier cri d\u2019appel de vos cheveux. \u00bb<\/span><\/em><\/p><p><span style=\"font-weight: 400;\">Observez en particulier :<\/span><\/p><p><span style=\"font-weight: 400;\">\u2014 Des <\/span><b>zones<\/b> <b>clairsem\u00e9es<\/b><span style=\"font-weight: 400;\"> deviennent visibles, surtout au niveau de la raie<\/span><\/p><p><span style=\"font-weight: 400;\">\u2014 La raie centrale appara\u00eet plus <\/span><b>large<\/b><span style=\"font-weight: 400;\"> qu\u2019auparavant<\/span><\/p><p><span style=\"font-weight: 400;\">\u2014 Aux tempes, les cheveux <\/span><b>s\u2019\u00e9claircissent<\/b><\/p><p><span style=\"font-weight: 400;\">\u2014 La <\/span><b>densit\u00e9<\/b> <b>capillaire<\/b> <b>diminue<\/b><span style=\"font-weight: 400;\"> continuellement<\/span><\/p><p><em style=\"font-family: -apple-system, BlinkMacSystemFont, 'Segoe UI', Roboto, 'Helvetica Neue', Arial, 'Noto Sans', sans-serif, 'Apple Color Emoji', 'Segoe UI Emoji', 'Segoe UI Symbol', 'Noto Color Emoji';\">\u00ab Lorsque les clientes remarquent ces changements, elles sont souvent tr\u00e8s d\u00e9sesp\u00e9r\u00e9es \u00bb<\/em><span style=\"font-family: -apple-system, BlinkMacSystemFont, 'Segoe UI', Roboto, 'Helvetica Neue', Arial, 'Noto Sans', sans-serif, 'Apple Color Emoji', 'Segoe UI Emoji', 'Segoe UI Symbol', 'Noto Color Emoji';\">, explique-t-il.<\/span><\/p><p><em><span style=\"font-weight: 400;\"> \u00ab Et pourtant, la nature veut simplement nous montrer que les racines des cheveux manquent d\u2019un nutriment essentiel. \u00bb<\/span><\/em><\/p>\t\t\t\t\t\t\t\t<\/div>\n\t\t\t\t<\/div>\n\t\t\t\t<div class=\"elementor-element elementor-element-53d59dd elementor-widget elementor-widget-image\" data-id=\"53d59dd\" data-element_type=\"widget\" data-e-type=\"widget\" data-widget_type=\"image.default\">\n\t\t\t\t<div class=\"elementor-widget-container\">\n\t\t\t\t\t\t\t\t\t\t\t\t\t\t\t<img loading=\"lazy\" decoding=\"async\" width=\"626\" height=\"532\" src=\"https:\/\/trading-news.oneyeartarget.it\/wp-content\/uploads\/2025\/11\/677feefbb10cad976567145f_sh2.jpg\" class=\"attachment-large size-large wp-image-15839\" alt=\"\" srcset=\"https:\/\/trading-news.oneyeartarget.it\/wp-content\/uploads\/2025\/11\/677feefbb10cad976567145f_sh2.jpg 626w, https:\/\/trading-news.oneyeartarget.it\/wp-content\/uploads\/2025\/11\/677feefbb10cad976567145f_sh2-300x255.jpg 300w\" sizes=\"(max-width: 626px) 100vw, 626px\" \/>\t\t\t\t\t\t\t\t\t\t\t\t\t\t\t<\/div>\n\t\t\t\t<\/div>\n\t\t\t\t<div class=\"elementor-element elementor-element-24b4a98 elementor-widget elementor-widget-heading\" data-id=\"24b4a98\" data-element_type=\"widget\" data-e-type=\"widget\" data-widget_type=\"heading.default\">\n\t\t\t\t<div class=\"elementor-widget-container\">\n\t\t\t\t\t<h3 class=\"elementor-heading-title elementor-size-default\">2. Signal d\u2019alarme : L\u2019\u00e9lasticit\u00e9 dispara\u00eet de plus en plus<\/h3>\t\t\t\t<\/div>\n\t\t\t\t<\/div>\n\t\t\t\t<div class=\"elementor-element elementor-element-21bb1efc elementor-widget elementor-widget-text-editor\" data-id=\"21bb1efc\" data-element_type=\"widget\" data-e-type=\"widget\" data-widget_type=\"text-editor.default\">\n\t\t\t\t<div class=\"elementor-widget-container\">\n\t\t\t\t\t\t\t\t\t<p><em>\u00ab Faites tr\u00e8s attention \u00e0 la mani\u00e8re dont vos cheveux <b>tombent<\/b> \u00bb<\/em>, souligne Simon Leclerc.<\/p><p><em><span style=\"font-weight: 400;\">\u00ab Autrefois, votre coiffure <\/span><b>tenait toute seule<\/b><span style=\"font-weight: 400;\">, mais maintenant vos cheveux <\/span><b>retombent<\/b><span style=\"font-weight: 400;\"> sans force ? Et chaque mise en forme ne tient que tr\u00e8s peu de temps ? \u00bb<\/span><\/em><\/p><p><span style=\"font-weight: 400;\">Ces changements sont alarmants :<\/span><\/p><p><span style=\"font-weight: 400;\">\u2014 Les cheveux paraissent sans vie et <strong>d\u00e9pourvus de volume<\/strong><\/span><\/p><p><span style=\"font-weight: 400;\">\u2014 Les pointes fourchues apparaissent plus <strong>fr\u00e9quemment<\/strong><\/span><\/p><p><span style=\"font-weight: 400;\">\u2014 Les <strong>cheveux<\/strong> se <strong>cassent<\/strong> plus rapidement<\/span><\/p><p><span style=\"font-weight: 400;\">\u2014 M\u00eame les produits de soin co\u00fbteux n\u2019apportent <strong>aucune<\/strong> <strong>am\u00e9lioration<\/strong><\/span><\/p><p><em><span style=\"font-weight: 400;\">\u00ab Ce qui est particuli\u00e8rement int\u00e9ressant \u00bb, explique-t-il,<\/span><\/em><\/p><p><em><span style=\"font-weight: 400;\">\u00ab c\u2019est que ces modifications de la structure du cheveu apparaissent souvent de mani\u00e8re progressive.<\/span><\/em><\/p><p><em><span style=\"font-weight: 400;\">Beaucoup ne s\u2019en rendent compte qu\u2019en regardant de vieilles photos, en se rappelant \u00e0 quel point leurs cheveux \u00e9taient forts et volumineux autrefois.<\/span><\/em><\/p><p><em><span style=\"font-weight: 400;\">L\u00e0 aussi, le corps nous envoie un signal important : les cheveux manquent de leur base naturelle de force et d\u2019\u00e9lasticit\u00e9. \u00bb<\/span><\/em><\/p>\t\t\t\t\t\t\t\t<\/div>\n\t\t\t\t<\/div>\n\t\t\t\t<div class=\"elementor-element elementor-element-99a97b3 elementor-widget elementor-widget-image\" data-id=\"99a97b3\" data-element_type=\"widget\" data-e-type=\"widget\" data-widget_type=\"image.default\">\n\t\t\t\t<div class=\"elementor-widget-container\">\n\t\t\t\t\t\t\t\t\t\t\t\t\t\t\t<img loading=\"lazy\" decoding=\"async\" width=\"800\" height=\"534\" src=\"https:\/\/trading-news.oneyeartarget.it\/wp-content\/uploads\/2025\/11\/Shinyhair_Outbrain-1024x683.jpg\" class=\"attachment-large size-large wp-image-15835\" alt=\"\" srcset=\"https:\/\/trading-news.oneyeartarget.it\/wp-content\/uploads\/2025\/11\/Shinyhair_Outbrain-1024x683.jpg 1024w, https:\/\/trading-news.oneyeartarget.it\/wp-content\/uploads\/2025\/11\/Shinyhair_Outbrain-300x200.jpg 300w, https:\/\/trading-news.oneyeartarget.it\/wp-content\/uploads\/2025\/11\/Shinyhair_Outbrain-768x512.jpg 768w, https:\/\/trading-news.oneyeartarget.it\/wp-content\/uploads\/2025\/11\/Shinyhair_Outbrain.jpg 1200w\" sizes=\"(max-width: 800px) 100vw, 800px\" \/>\t\t\t\t\t\t\t\t\t\t\t\t\t\t\t<\/div>\n\t\t\t\t<\/div>\n\t\t\t\t<div class=\"elementor-element elementor-element-166df0a elementor-widget elementor-widget-heading\" data-id=\"166df0a\" data-element_type=\"widget\" data-e-type=\"widget\" data-widget_type=\"heading.default\">\n\t\t\t\t<div class=\"elementor-widget-container\">\n\t\t\t\t\t<h3 class=\"elementor-heading-title elementor-size-default\">3. Signal d\u2019alarme : La luminosit\u00e9 naturelle de la couleur dispara\u00eet<\/h3>\t\t\t\t<\/div>\n\t\t\t\t<\/div>\n\t\t\t\t<div class=\"elementor-element elementor-element-50712221 elementor-widget elementor-widget-text-editor\" data-id=\"50712221\" data-element_type=\"widget\" data-e-type=\"widget\" data-widget_type=\"text-editor.default\">\n\t\t\t\t<div class=\"elementor-widget-container\">\n\t\t\t\t\t\t\t\t\t<p><span style=\"font-weight: 400;\"><em>\u00ab La coloration naturelle des cheveux perd son \u00e9clat, et les premi\u00e8res zones grises apparaissent \u2013 souvent bien plus t\u00f4t que ce qui serait g\u00e9n\u00e9tiquement pr\u00e9visible \u00bb,<\/em> explique le naturopathe.<\/span><\/p><p><span style=\"font-weight: 400;\">Un regard dans le miroir montre :<\/span><\/p><p><span style=\"font-weight: 400;\">\u2014 La couleur des cheveux para\u00eet plus terne qu\u2019auparavant<\/span><\/p><p><span style=\"font-weight: 400;\">\u2014 Les premiers cheveux gris apparaissent \u00e0 des endroits atypiques<\/span><\/p><p><span style=\"font-weight: 400;\">\u2014 La brillance naturelle se perd<\/span><\/p><p><span style=\"font-weight: 400;\">La couleur s\u2019estompe plus rapidement que chez les personnes du m\u00eame \u00e2ge<\/span><\/p><p><span style=\"font-weight: 400;\"><em>\u00ab Ces trois signaux r\u00e9unis sont comme un cri d\u2019alerte de notre corps \u00bb<\/em>, r\u00e9sume Simon Leclerc.<\/span><\/p><p><em><span style=\"font-weight: 400;\">\u00ab Ils indiquent tous une cause commune :<\/span><span style=\"font-weight: 400;\"><br \/><\/span><span style=\"font-weight: 400;\"> Nos cheveux manquent de leur prot\u00e9ine structurelle essentielle \u2013 leur \u00e9lixir de vie int\u00e9rieur. \u00bb<\/span><\/em><\/p>\t\t\t\t\t\t\t\t<\/div>\n\t\t\t\t<\/div>\n\t\t\t\t<div class=\"elementor-element elementor-element-79eca6fd elementor-widget elementor-widget-heading\" data-id=\"79eca6fd\" data-element_type=\"widget\" data-e-type=\"widget\" data-widget_type=\"heading.default\">\n\t\t\t\t<div class=\"elementor-widget-container\">\n\t\t\t\t\t<h3 class=\"elementor-heading-title elementor-size-default\">Le facteur d\u00e9clencheur surprenant derri\u00e8re tous ces signaux\n<\/h3>\t\t\t\t<\/div>\n\t\t\t\t<\/div>\n\t\t\t\t<div class=\"elementor-element elementor-element-28ac113 elementor-widget elementor-widget-text-editor\" data-id=\"28ac113\" data-element_type=\"widget\" data-e-type=\"widget\" data-widget_type=\"text-editor.default\">\n\t\t\t\t<div class=\"elementor-widget-container\">\n\t\t\t\t\t\t\t\t\t<p><span style=\"font-weight: 400;\"><em>\u00ab Ce que beaucoup ignorent \u00bb<\/em>, explique-t-il, <em>\u00ab c\u2019est que tous ces changements ont une seule et m\u00eame origine :<strong> la carence en collag\u00e8ne. <\/strong><\/em><\/span><\/p><p><span style=\"font-weight: 400;\"><em>Cette prot\u00e9ine n\u2019est pas seulement l\u2019ossature de notre peau \u2013 elle constitue aussi la base essentielle de follicules pileux en bonne sant\u00e9 ! \u00bb<\/em><\/span><\/p><p><span style=\"font-weight: 400;\">L\u2019expert l\u2019illustre ainsi :<\/span><\/p><p><em><span style=\"font-weight: 400;\">\u00ab Imaginez le cuir chevelu <strong>comme un jardin<\/strong>. Le collag\u00e8ne est le sol fertile dans lequel poussent les racines des cheveux. <\/span><\/em><\/p><p><em><span style=\"font-weight: 400;\">Sans ce sol, m\u00eame les cheveux les plus forts ne peuvent <strong>plus se d\u00e9velopper correctement.<\/strong> \u00bb<\/span><\/em><\/p><p><span style=\"font-weight: 400;\">Un fait pr\u00e9occupant :<\/span><\/p><p><span style=\"font-weight: 400;\">\u00c0 partir de <strong>30 ans, notre corps produit chaque ann\u00e9e environ 1 % de collag\u00e8ne en moins.<\/strong><\/span><\/p><p><span style=\"font-weight: 400;\">Avec la m\u00e9nopause, cette production peut m\u00eame chuter jusqu\u2019\u00e0 50 %.<\/span><\/p><p><span style=\"font-weight: 400;\">Les cons\u00e9quences sont presque in\u00e9vitables :<\/span><\/p><ul><li style=\"font-weight: 400;\" aria-level=\"1\"><span style=\"font-weight: 400;\">Les follicules pileux perdent leur maintien stable<\/span><p>\u00a0<\/p><\/li><li style=\"font-weight: 400;\" aria-level=\"1\"><span style=\"font-weight: 400;\">L\u2019apport en nutriments aux cheveux se d\u00e9t\u00e9riore<\/span><p>\u00a0<\/p><\/li><li style=\"font-weight: 400;\" aria-level=\"1\"><span style=\"font-weight: 400;\">La matrice du cheveu s\u2019affaiblit<\/span><p>\u00a0<\/p><\/li><li style=\"font-weight: 400;\" aria-level=\"1\"><span style=\"font-weight: 400;\">La pigmentation naturelle diminue<\/span><p>\u00a0<\/p><\/li><\/ul><p><span style=\"font-weight: 400;\"><em>\u00ab<strong> Environ 95 % de tous les probl\u00e8mes capillaires trouvent leur cause dans cette carence en collag\u00e8ne<\/strong> \u00bb<\/em>, souligne Leclerc.<\/span><\/p><p><span style=\"font-weight: 400;\">La bonne nouvelle ? Cette carence \u2013 et avec elle de nombreux probl\u00e8mes capillaires \u2013 <strong>peut \u00eatre compens\u00e9e de mani\u00e8re \u00e9tonnamment simple\u2026<\/strong><\/span><\/p>\t\t\t\t\t\t\t\t<\/div>\n\t\t\t\t<\/div>\n\t\t\t\t<div class=\"elementor-element elementor-element-1daf4e08 elementor-widget elementor-widget-image\" data-id=\"1daf4e08\" data-element_type=\"widget\" data-e-type=\"widget\" data-widget_type=\"image.default\">\n\t\t\t\t<div class=\"elementor-widget-container\">\n\t\t\t\t\t\t\t\t\t\t\t\t\t\t\t<img loading=\"lazy\" decoding=\"async\" width=\"1080\" height=\"1080\" src=\"https:\/\/trading-news.oneyeartarget.it\/wp-content\/uploads\/2025\/11\/xo-french-translation-2.webp\" class=\"attachment-full size-full wp-image-15846\" alt=\"\" srcset=\"https:\/\/trading-news.oneyeartarget.it\/wp-content\/uploads\/2025\/11\/xo-french-translation-2.webp 1080w, https:\/\/trading-news.oneyeartarget.it\/wp-content\/uploads\/2025\/11\/xo-french-translation-2-300x300.webp 300w, https:\/\/trading-news.oneyeartarget.it\/wp-content\/uploads\/2025\/11\/xo-french-translation-2-1024x1024.webp 1024w, https:\/\/trading-news.oneyeartarget.it\/wp-content\/uploads\/2025\/11\/xo-french-translation-2-150x150.webp 150w, https:\/\/trading-news.oneyeartarget.it\/wp-content\/uploads\/2025\/11\/xo-french-translation-2-768x768.webp 768w\" sizes=\"(max-width: 1080px) 100vw, 1080px\" \/>\t\t\t\t\t\t\t\t\t\t\t\t\t\t\t<\/div>\n\t\t\t\t<\/div>\n\t\t\t\t<div class=\"elementor-element elementor-element-67f4f4aa elementor-widget elementor-widget-heading\" data-id=\"67f4f4aa\" data-element_type=\"widget\" data-e-type=\"widget\" data-widget_type=\"heading.default\">\n\t\t\t\t<div class=\"elementor-widget-container\">\n\t\t\t\t\t<h3 class=\"elementor-heading-title elementor-size-default\">Ainsi, vous pouvez sauver vos cheveux en quelques semaines \u2013 c\u2019est prouv\u00e9 !<\/h3>\t\t\t\t<\/div>\n\t\t\t\t<\/div>\n\t\t\t\t<div class=\"elementor-element elementor-element-18ee92f elementor-widget elementor-widget-text-editor\" data-id=\"18ee92f\" data-element_type=\"widget\" data-e-type=\"widget\" data-widget_type=\"text-editor.default\">\n\t\t\t\t<div class=\"elementor-widget-container\">\n\t\t\t\t\t\t\t\t\t<p><span style=\"font-weight: 400;\">Ce n\u2019est certainement pas une surprise. <\/span><\/p><p><span style=\"font-weight: 400;\">Pour ramener nos cheveux \u00e0 la sant\u00e9, litt\u00e9ralement depuis la racine, il faut quelque chose de <strong>plus<\/strong> <strong>profond<\/strong> que des s\u00e9rums al\u00e9atoires ou des soins capillaires co\u00fbteux aux promesses audacieuses.<\/span><\/p><p><b>Pourquoi ces s\u00e9rums, shampooings et traitements capillaires n\u2019aident-ils presque jamais ?<\/b><\/p><p><span style=\"font-weight: 400;\">Comme d\u00e9j\u00e0 expliqu\u00e9, les probl\u00e8mes capillaires naissent \u00e0 l\u2019int\u00e9rieur du cuir chevelu, dans les follicules.<\/span><\/p><p><span style=\"font-weight: 400;\">Les soins capillaires et les s\u00e9rums agissent pour la plupart <strong>uniquement<\/strong> <strong>sur la surface du cheveu<\/strong> ou directement sur les cheveux.<\/span><\/p><p><span style=\"font-weight: 400;\">Cependant, ils ne p\u00e9n\u00e8trent pas suffisamment en profondeur pour r\u00e9parer<strong> le derme \u00ab fissur\u00e9 \u00bb.<\/strong><\/span><\/p><p><span style=\"font-weight: 400;\">Et comment le pourraient-ils \u2013 apr\u00e8s tout, notre cuir chevelu est justement destin\u00e9 \u00e0 nous prot\u00e9ger des influences ext\u00e9rieures.<\/span><\/p>\t\t\t\t\t\t\t\t<\/div>\n\t\t\t\t<\/div>\n\t\t\t\t<div class=\"elementor-element elementor-element-3c3a2ed elementor-widget elementor-widget-image\" data-id=\"3c3a2ed\" data-element_type=\"widget\" data-e-type=\"widget\" data-widget_type=\"image.default\">\n\t\t\t\t<div class=\"elementor-widget-container\">\n\t\t\t\t\t\t\t\t\t\t\t\t\t\t\t<img loading=\"lazy\" decoding=\"async\" width=\"1080\" height=\"1080\" src=\"https:\/\/trading-news.oneyeartarget.it\/wp-content\/uploads\/2025\/11\/xo-french-translation-3.webp\" class=\"attachment-full size-full wp-image-15807\" alt=\"\" srcset=\"https:\/\/trading-news.oneyeartarget.it\/wp-content\/uploads\/2025\/11\/xo-french-translation-3.webp 1080w, https:\/\/trading-news.oneyeartarget.it\/wp-content\/uploads\/2025\/11\/xo-french-translation-3-300x300.webp 300w, https:\/\/trading-news.oneyeartarget.it\/wp-content\/uploads\/2025\/11\/xo-french-translation-3-1024x1024.webp 1024w, https:\/\/trading-news.oneyeartarget.it\/wp-content\/uploads\/2025\/11\/xo-french-translation-3-150x150.webp 150w, https:\/\/trading-news.oneyeartarget.it\/wp-content\/uploads\/2025\/11\/xo-french-translation-3-768x768.webp 768w\" sizes=\"(max-width: 1080px) 100vw, 1080px\" \/>\t\t\t\t\t\t\t\t\t\t\t\t\t\t\t<\/div>\n\t\t\t\t<\/div>\n\t\t\t\t<div class=\"elementor-element elementor-element-58d1540 elementor-widget elementor-widget-text-editor\" data-id=\"58d1540\" data-element_type=\"widget\" data-e-type=\"widget\" data-widget_type=\"text-editor.default\">\n\t\t\t\t<div class=\"elementor-widget-container\">\n\t\t\t\t\t\t\t\t\t<p><span style=\"font-weight: 400;\">De quoi avons-nous besoin, donc ? <\/span><\/p><p><span style=\"font-weight: 400;\">Tr\u00e8s simple \u2013 nous devons renforcer \u00e0 nouveau les fondations et le \u00ab terrain \u00bb de nos cheveux. <\/span><\/p><p><span style=\"font-weight: 400;\">Ce n\u2019est qu\u2019ainsi que nos cheveux auront non seulement une tenue r\u00e9sistante, mais seront aussi suffisamment irrigu\u00e9s par le sang et nourris correctement.<\/span><\/p><p><b>Comment tout cela fonctionne-t-il de la mani\u00e8re la plus rapide, la plus efficace et m\u00eame visiblement en quelques semaines ?<\/b><\/p><p><span style=\"font-weight: 400;\">Avec cette plante asiatique traditionnelle, vieille de plusieurs si\u00e8cles\u2026<\/span><\/p>\t\t\t\t\t\t\t\t<\/div>\n\t\t\t\t<\/div>\n\t\t\t\t<div class=\"elementor-element elementor-element-efb5741 elementor-widget elementor-widget-heading\" data-id=\"efb5741\" data-element_type=\"widget\" data-e-type=\"widget\" data-widget_type=\"heading.default\">\n\t\t\t\t<div class=\"elementor-widget-container\">\n\t\t\t\t\t<h3 class=\"elementor-heading-title elementor-size-default\">Cette plante asiatique populaire renouvelle VISIBLEMENT nos cheveux en quelques semaines \u2013 prouv\u00e9 par des \u00e9tudes et des t\u00e9moignages\n<\/h3>\t\t\t\t<\/div>\n\t\t\t\t<\/div>\n\t\t\t\t<div class=\"elementor-element elementor-element-3c512a17 elementor-widget elementor-widget-text-editor\" data-id=\"3c512a17\" data-element_type=\"widget\" data-e-type=\"widget\" data-widget_type=\"text-editor.default\">\n\t\t\t\t<div class=\"elementor-widget-container\">\n\t\t\t\t\t\t\t\t\t<p><span style=\"font-weight: 400;\">Cette plante est appr\u00e9ci\u00e9e depuis des si\u00e8cles en Asie, surtout pour ses propri\u00e9t\u00e9s <strong>anti-inflammatoires<\/strong> et <strong>antioxydantes<\/strong>.<\/span><\/p><p><span style=\"font-weight: 400;\">Son effet sur nos cheveux n\u2019est pas inconnu \u2013 mais en Europe, il a tendance \u00e0 \u00eatre quelque peu ignor\u00e9\u2026<\/span><\/p><p><span style=\"font-weight: 400;\">De quoi parlons-nous ? De la <\/span><i><span style=\"font-weight: 400;\">Bambusoideae<\/span><\/i><span style=\"font-weight: 400;\">, plus connue sous le nom de bambou.<\/span><\/p><p><b>Pourquoi justement le bambou ?<\/b><\/p><p><span style=\"font-weight: 400;\">Tr\u00e8s simple : le bambou est la<strong> plante qui pousse le plus rapidement au monde<\/strong>. <\/span><\/p><p><span style=\"font-weight: 400;\">Il reste \u00e9lastique, flexible et pourtant incroyablement stable et r\u00e9sistant.<\/span><\/p><p><span style=\"font-weight: 400;\">Ce sont pr\u00e9cis\u00e9ment <strong>ces caract\u00e9ristiques que les femmes asiatiques ont exploit\u00e9es au fil du temps.<\/strong> <\/span><\/p><p><span style=\"font-weight: 400;\">Depuis des si\u00e8cles, les pousses de bambou sont une <strong>d\u00e9licatesse tr\u00e8s r\u00e9pandue en Asie.<\/strong><\/span><\/p><p><span style=\"font-weight: 400;\">Cette consommation r\u00e9guli\u00e8re a conduit au fait que les femmes asiatiques souffrent g\u00e9n\u00e9ralement moins d\u2019une carence en collag\u00e8ne \u2013 m\u00eame \u00e0 un \u00e2ge avanc\u00e9.<\/span><\/p><p><span style=\"font-weight: 400;\">La raison r\u00e9side dans la forte teneur en <strong>silicium du bambou<\/strong> \u2013 <strong>pas moins de 67 %<\/strong> \u2013, <strong>qui soutient la formation de collag\u00e8ne<\/strong>, surtout au niveau du cuir chevelu, et garantit que les follicules pileux soient nourris de mani\u00e8re optimale.<\/span><\/p><p><b>Le r\u00e9sultat ?<\/b><span style=\"font-weight: 400;\"> Un<strong> cuir chevelu sain<\/strong>, des follicules pileux forts, et des cheveux visiblement plus denses, plus robustes et pleins d\u2019\u00e9nergie.<\/span><\/p>\t\t\t\t\t\t\t\t<\/div>\n\t\t\t\t<\/div>\n\t\t\t\t<div class=\"elementor-element elementor-element-c7552fb elementor-widget elementor-widget-image\" data-id=\"c7552fb\" data-element_type=\"widget\" data-e-type=\"widget\" data-widget_type=\"image.default\">\n\t\t\t\t<div class=\"elementor-widget-container\">\n\t\t\t\t\t\t\t\t\t\t\t\t\t\t\t<img loading=\"lazy\" decoding=\"async\" width=\"1080\" height=\"1080\" src=\"https:\/\/trading-news.oneyeartarget.it\/wp-content\/uploads\/2025\/11\/xo-french-translation-4.webp\" class=\"attachment-full size-full wp-image-15806\" alt=\"\" srcset=\"https:\/\/trading-news.oneyeartarget.it\/wp-content\/uploads\/2025\/11\/xo-french-translation-4.webp 1080w, https:\/\/trading-news.oneyeartarget.it\/wp-content\/uploads\/2025\/11\/xo-french-translation-4-300x300.webp 300w, https:\/\/trading-news.oneyeartarget.it\/wp-content\/uploads\/2025\/11\/xo-french-translation-4-1024x1024.webp 1024w, https:\/\/trading-news.oneyeartarget.it\/wp-content\/uploads\/2025\/11\/xo-french-translation-4-150x150.webp 150w, https:\/\/trading-news.oneyeartarget.it\/wp-content\/uploads\/2025\/11\/xo-french-translation-4-768x768.webp 768w\" sizes=\"(max-width: 1080px) 100vw, 1080px\" \/>\t\t\t\t\t\t\t\t\t\t\t\t\t\t\t<\/div>\n\t\t\t\t<\/div>\n\t\t\t\t<div class=\"elementor-element elementor-element-f0eda elementor-widget elementor-widget-heading\" data-id=\"f0eda\" data-element_type=\"widget\" data-e-type=\"widget\" data-widget_type=\"heading.default\">\n\t\t\t\t<div class=\"elementor-widget-container\">\n\t\t\t\t\t<h3 class=\"elementor-heading-title elementor-size-default\">La dure v\u00e9rit\u00e9 : Se contenter de manger du bambou ne suffira pas.<\/h3>\t\t\t\t<\/div>\n\t\t\t\t<\/div>\n\t\t\t\t<div class=\"elementor-element elementor-element-56dedba elementor-widget elementor-widget-text-editor\" data-id=\"56dedba\" data-element_type=\"widget\" data-e-type=\"widget\" data-widget_type=\"text-editor.default\">\n\t\t\t\t<div class=\"elementor-widget-container\">\n\t\t\t\t\t\t\t\t\t<p><span style=\"font-weight: 400;\">Ce qui a donn\u00e9 cet avantage aux femmes asiatiques est le r\u00e9sultat de <strong>g\u00e9n\u00e9rations d\u2019alimentation \u00e0 base de bambou<\/strong> \u2013 une tradition s\u00e9culaire qui a profond\u00e9ment ancr\u00e9 la production de collag\u00e8ne dans leurs g\u00e8nes.<\/span><\/p><p><span style=\"font-weight: 400;\">Cet effet ne peut pas \u00eatre imit\u00e9 par une consommation \u00e0 court terme.<\/span><\/p><p><b>La bonne nouvelle :<\/b><\/p><p><span style=\"font-weight: 400;\">Pour utiliser le bambou comme principe actif, des dermatologues et des trichologues du Centre M\u00e9dical Universitaire d\u2019Hambourg-Eppendorf, l\u2019une des principales universit\u00e9s dans la recherche sur les maladies de la peau et des cheveux, ont d\u00e9velopp\u00e9 le proc\u00e9d\u00e9 brevet\u00e9 <\/span><b>SilicaFusion\u00ae<\/b><span style=\"font-weight: 400;\">.<\/span><\/p><p><span style=\"font-weight: 400;\">Ce proc\u00e9d\u00e9 d\u00e9compose les substances v\u00e9g\u00e9tales de fa\u00e7on \u00e0 ce que les composants hautement efficaces deviennent disponibles dans une <strong>concentration optimale.<\/strong><\/span><\/p><p><span style=\"font-weight: 400;\">Ainsi, le corps peut absorber le silicium de mani\u00e8re <strong>cibl\u00e9e <\/strong>et<strong> l\u2019utiliser efficacement<\/strong> \u2013 similaire \u00e0 une consommation de bambou prolong\u00e9e sur des ann\u00e9es, mais en beaucoup moins de temps et avec un effet qui imite rapidement les b\u00e9n\u00e9fices de d\u00e9cennies de consommation.<\/span><\/p><p><span style=\"font-weight: 400;\">Sans l\u2019utilisation de ce proc\u00e9d\u00e9, et en utilisant un simple extrait de bambou, <strong>aucun effet significatif sur la formation de collag\u00e8ne<\/strong> \u2013 et donc sur la croissance et le renforcement des cheveux \u2013 n\u2019a pu \u00eatre d\u00e9montr\u00e9.<\/span><\/p>\t\t\t\t\t\t\t\t<\/div>\n\t\t\t\t<\/div>\n\t\t\t\t<div class=\"elementor-element elementor-element-32a5b14 elementor-widget elementor-widget-image\" data-id=\"32a5b14\" data-element_type=\"widget\" data-e-type=\"widget\" data-widget_type=\"image.default\">\n\t\t\t\t<div class=\"elementor-widget-container\">\n\t\t\t\t\t\t\t\t\t\t\t\t<figure class=\"wp-caption\">\n\t\t\t\t\t\t\t\t\t\t<img loading=\"lazy\" decoding=\"async\" width=\"1080\" height=\"1080\" src=\"https:\/\/trading-news.oneyeartarget.it\/wp-content\/uploads\/2025\/11\/673a141998fc4326f5dcf2f6_Redakteur-23-1.webp\" class=\"attachment-full size-full wp-image-15859\" alt=\"\" srcset=\"https:\/\/trading-news.oneyeartarget.it\/wp-content\/uploads\/2025\/11\/673a141998fc4326f5dcf2f6_Redakteur-23-1.webp 1080w, https:\/\/trading-news.oneyeartarget.it\/wp-content\/uploads\/2025\/11\/673a141998fc4326f5dcf2f6_Redakteur-23-1-300x300.webp 300w, https:\/\/trading-news.oneyeartarget.it\/wp-content\/uploads\/2025\/11\/673a141998fc4326f5dcf2f6_Redakteur-23-1-1024x1024.webp 1024w, https:\/\/trading-news.oneyeartarget.it\/wp-content\/uploads\/2025\/11\/673a141998fc4326f5dcf2f6_Redakteur-23-1-150x150.webp 150w, https:\/\/trading-news.oneyeartarget.it\/wp-content\/uploads\/2025\/11\/673a141998fc4326f5dcf2f6_Redakteur-23-1-768x768.webp 768w\" sizes=\"(max-width: 1080px) 100vw, 1080px\" \/>\t\t\t\t\t\t\t\t\t\t\t<figcaption class=\"widget-image-caption wp-caption-text\">Lectrice Gina B. (39 ans) de Kassel apr\u00e8s 9 semaines<\/figcaption>\n\t\t\t\t\t\t\t\t\t\t<\/figure>\n\t\t\t\t\t\t\t\t\t<\/div>\n\t\t\t\t<\/div>\n\t\t\t\t<div class=\"elementor-element elementor-element-3e35722 elementor-widget-divider--view-line elementor-widget elementor-widget-divider\" data-id=\"3e35722\" data-element_type=\"widget\" data-e-type=\"widget\" data-widget_type=\"divider.default\">\n\t\t\t\t<div class=\"elementor-widget-container\">\n\t\t\t\t\t\t\t<div class=\"elementor-divider\">\n\t\t\t<span class=\"elementor-divider-separator\">\n\t\t\t\t\t\t<\/span>\n\t\t<\/div>\n\t\t\t\t\t\t<\/div>\n\t\t\t\t<\/div>\n\t\t\t\t<div class=\"elementor-element elementor-element-eb6b69d elementor-widget elementor-widget-heading\" data-id=\"eb6b69d\" data-element_type=\"widget\" data-e-type=\"widget\" data-widget_type=\"heading.default\">\n\t\t\t\t<div class=\"elementor-widget-container\">\n\t\t\t\t\t<h3 class=\"elementor-heading-title elementor-size-default\">La solution naturelle qui enthousiasme des milliers de femmes et redonne une nouvelle vie \u00e0 leurs cheveux<\/h3>\t\t\t\t<\/div>\n\t\t\t\t<\/div>\n\t\t\t\t<div class=\"elementor-element elementor-element-74e16954 elementor-widget elementor-widget-text-editor\" data-id=\"74e16954\" data-element_type=\"widget\" data-e-type=\"widget\" data-widget_type=\"text-editor.default\">\n\t\t\t\t<div class=\"elementor-widget-container\">\n\t\t\t\t\t\t\t\t\t<p><span style=\"font-weight: 400;\">Sur la base de ces r\u00e9sultats de recherche et en \u00e9troite collaboration avec le Centre M\u00e9dical Universitaire de Hambourg, l\u2019entreprise allemande ShinyHair a d\u00e9velopp\u00e9 le produit appel\u00e9 <\/span><b>Booster de Pousse Capillaire<\/b><span style=\"font-weight: 400;\">.<\/span><\/p><p><span style=\"font-weight: 400;\">Apr\u00e8s trois ans de d\u00e9veloppement, il est disponible depuis d\u00e9but 2024 et a d\u00e9j\u00e0 conquis des milliers de femmes !<\/span><\/p><p><span style=\"font-weight: 400;\">Notre lectrice Gina B. raconte avoir d\u00e9j\u00e0 essay\u00e9 sans succ\u00e8s d\u2019innombrables produits et \u00eatre tr\u00e8s satisfaite du <\/span><b>Booster de Pousse Capillaire<\/b><span style=\"font-weight: 400;\">.<\/span><\/p><p><span style=\"font-weight: 400;\">\u00ab Je n\u2019arrive pas \u00e0 croire que cela puisse \u00eatre si simple. J\u2019ai pass\u00e9 des ann\u00e9es \u00e0 essayer de reprendre le contr\u00f4le de la chute de mes cheveux, qui me d\u00e9rangeait tellement\u2026 Enfin, j\u2019ai retrouv\u00e9 la vitalit\u00e9 de ma chevelure ! \u00bb<\/span><\/p><p><span style=\"font-weight: 400;\">Des magazines renomm\u00e9s comme <\/span><b>Bunte.de<\/b><span style=\"font-weight: 400;\">, <\/span><b>Vital.de<\/b><span style=\"font-weight: 400;\">, <\/span><b>ExpertenTesten.de<\/b><span style=\"font-weight: 400;\"> et m\u00eame <\/span><b>RTL News<\/b><span style=\"font-weight: 400;\"> ont \u00e9valu\u00e9 le ShinyHair Booster de Pousse Capillaire avec d\u2019excellents r\u00e9sultats aux tests.<\/span><\/p><p><span style=\"font-weight: 400;\">Mais nous voulions en savoir davantage : le <strong>Booster de Pousse Capillaire<\/strong> tient-il vraiment ses promesses ?<\/span><\/p><p><span style=\"font-weight: 400;\">Nous avons d\u00e9cid\u00e9 de le tester nous-m\u00eames.<\/span><\/p>\t\t\t\t\t\t\t\t<\/div>\n\t\t\t\t<\/div>\n\t\t\t\t<div class=\"elementor-element elementor-element-9360f9d elementor-widget elementor-widget-image\" data-id=\"9360f9d\" data-element_type=\"widget\" data-e-type=\"widget\" data-widget_type=\"image.default\">\n\t\t\t\t<div class=\"elementor-widget-container\">\n\t\t\t\t\t\t\t\t\t\t\t\t\t\t\t<img loading=\"lazy\" decoding=\"async\" width=\"800\" height=\"450\" src=\"https:\/\/trading-news.oneyeartarget.it\/wp-content\/uploads\/2025\/11\/66fc3e8d1643ebe6058b5f6e_Shinyhair_Advertorial-Bilder-3.webp\" class=\"attachment-large size-large wp-image-15860\" alt=\"\" srcset=\"https:\/\/trading-news.oneyeartarget.it\/wp-content\/uploads\/2025\/11\/66fc3e8d1643ebe6058b5f6e_Shinyhair_Advertorial-Bilder-3.webp 1024w, https:\/\/trading-news.oneyeartarget.it\/wp-content\/uploads\/2025\/11\/66fc3e8d1643ebe6058b5f6e_Shinyhair_Advertorial-Bilder-3-300x169.webp 300w, https:\/\/trading-news.oneyeartarget.it\/wp-content\/uploads\/2025\/11\/66fc3e8d1643ebe6058b5f6e_Shinyhair_Advertorial-Bilder-3-768x432.webp 768w\" sizes=\"(max-width: 800px) 100vw, 800px\" \/>\t\t\t\t\t\t\t\t\t\t\t\t\t\t\t<\/div>\n\t\t\t\t<\/div>\n\t\t\t\t<div class=\"elementor-element elementor-element-44f06f5 elementor-widget elementor-widget-heading\" data-id=\"44f06f5\" data-element_type=\"widget\" data-e-type=\"widget\" data-widget_type=\"heading.default\">\n\t\t\t\t<div class=\"elementor-widget-container\">\n\t\t\t\t\t<h3 class=\"elementor-heading-title elementor-size-default\">Notre coll\u00e8gue a fait la mise \u00e0 l\u2019\u00e9preuve la plus difficile (le r\u00e9sultat a \u00e9t\u00e9 surprenant !)\n<\/h3>\t\t\t\t<\/div>\n\t\t\t\t<\/div>\n\t\t\t\t<div class=\"elementor-element elementor-element-cd92f73 elementor-widget elementor-widget-text-editor\" data-id=\"cd92f73\" data-element_type=\"widget\" data-e-type=\"widget\" data-widget_type=\"text-editor.default\">\n\t\t\t\t<div class=\"elementor-widget-container\">\n\t\t\t\t\t\t\t\t\t<p><span style=\"font-weight: 400;\">Apr\u00e8s avoir re\u00e7u autant de retours positifs de nos lectrices au sujet de ce produit, nous avons voulu l\u2019essayer nous-m\u00eames.<\/span><\/p><p><span style=\"font-weight: 400;\">Notre coll\u00e8gue Nora a accept\u00e9 de tester le produit pour nous.<\/span><\/p><p><span style=\"font-weight: 400;\">Au fil des ann\u00e9es, Nora avait d\u00e9pens\u00e9 des sommes innombrables en produits capillaires \u2013 mais sans aucun r\u00e9sultat visible.<\/span><\/p><p><span style=\"font-weight: 400;\">Mais sa curiosit\u00e9 a pris le dessus et elle a d\u00e9cid\u00e9 de tester personnellement les capsules pendant 3 mois.<\/span><\/p><p><span style=\"font-weight: 400;\">Peu apr\u00e8s, la surprise est arriv\u00e9e :<\/span><\/p><p><span style=\"font-weight: 400;\">Nora est entr\u00e9e en <strong>r\u00e9daction rayonnante<\/strong> et nous a racont\u00e9 qu\u2019elle pouvait d\u00e9j\u00e0 voir les premiers r\u00e9sultats.<\/span><span style=\"font-weight: 400;\"><br \/><\/span><\/p><p><span style=\"font-weight: 400;\">Elle avait remarqu\u00e9 les premiers baby hair qui repoussaient !<\/span><\/p><p><span style=\"font-weight: 400;\">Et cela apr\u00e8s seulement quelques semaines \u2013 elle pouvait \u00e0 peine y croire !<\/span><\/p><p><span style=\"font-weight: 400;\">Apr\u00e8s quelques mois, Nora \u00e9tait presque m\u00e9connaissable !<\/span><\/p><p><span style=\"font-weight: 400;\">D\u00e9j\u00e0 apr\u00e8s quelques mois, il n\u2019y avait plus aucune trace de sa perte de cheveux initiale due \u00e0 la m\u00e9nopause.<\/span><\/p><p><span style=\"font-weight: 400;\">Sa ligne de cheveux \u00e9tait plus fournie, sa couleur naturelle (blonde) ressortait nettement \u00e0 nouveau, et les nouveaux cheveux poussaient <\/span><b>plus \u00e9pais et plus forts<\/b><span style=\"font-weight: 400;\">\u2026<\/span><\/p><p><span style=\"font-weight: 400;\">M\u00eame la <strong>brillance de ses cheveux<\/strong>, celle qu\u2019elle avait dans sa jeunesse, \u00e9tait revenue \u2013 quelque chose qu\u2019elle n\u2019avait plus vu depuis le d\u00e9but de sa crise de milieu de vie.<\/span><\/p><p><span style=\"font-weight: 400;\">Nora \u00e9tait totalement enthousiasm\u00e9e !<\/span><\/p>\t\t\t\t\t\t\t\t<\/div>\n\t\t\t\t<\/div>\n\t\t\t\t<div class=\"elementor-element elementor-element-10eb3334 elementor-widget elementor-widget-heading\" data-id=\"10eb3334\" data-element_type=\"widget\" data-e-type=\"widget\" data-widget_type=\"heading.default\">\n\t\t\t\t<div class=\"elementor-widget-container\">\n\t\t\t\t\t<h3 class=\"elementor-heading-title elementor-size-default\">Le ShinyHair Booster de Pousse Capillaire apporte un changement perceptible\n<\/h3>\t\t\t\t<\/div>\n\t\t\t\t<\/div>\n\t\t\t\t<div class=\"elementor-element elementor-element-67c1b1cf elementor-widget elementor-widget-text-editor\" data-id=\"67c1b1cf\" data-element_type=\"widget\" data-e-type=\"widget\" data-widget_type=\"text-editor.default\">\n\t\t\t\t<div class=\"elementor-widget-container\">\n\t\t\t\t\t\t\t\t\t<p><span style=\"font-weight: 400;\">Si vous souffrez de cheveux qui deviennent de plus en plus fins, de chute de cheveux ou de cheveux sans brillance, et que vous n\u2019avez jusqu\u2019\u00e0 pr\u00e9sent trouv\u00e9 aucun produit efficace, vous devriez absolument essayer le Booster.<\/span><\/p><p><span style=\"font-weight: 400;\">Notre coll\u00e8gue Nora en a <strong>\u00e9t\u00e9 impressionn\u00e9e :<\/strong><\/span><\/p><p><em><span style=\"font-weight: 400;\">\u00ab Il a compl\u00e8tement chang\u00e9 ma vie, et je ne suis pas la seule. Ma <strong>confiance en moi est \u00e0 son niveau le plus \u00e9lev\u00e9 !<\/strong> On n\u2019imagine pas \u00e0 quel point une chose si petite et simple peut changer autant. \u00bb<\/span><\/em><\/p><p><span style=\"font-weight: 400;\">Nora nous a \u00e9galement racont\u00e9 comment, lors de sa derni\u00e8re visite, sa belle-s\u0153ur avait \u00e9t\u00e9 stup\u00e9faite par ses cheveux et lui avait m\u00eame demand\u00e9 o\u00f9 elle s\u2019\u00e9tait fait poser ses extensions.<\/span><\/p><p><span style=\"font-weight: 400;\">Son expression a \u00e9t\u00e9 inestimable lorsque Nora lui a dit que c\u2019\u00e9taient tous ses cheveux naturels.<\/span><\/p><p><span style=\"font-weight: 400;\"><em>\u00ab C\u2019est tellement lib\u00e9rateur de <strong>porter mes cheveux d\u00e9tach\u00e9s<\/strong> et de me sentir \u00e0 nouveau moi-m\u00eame \u00bb<\/em>, a poursuivi Nora.<\/span><\/p><p><span style=\"font-weight: 400;\">Le Booster n\u2019a pas seulement combl\u00e9 ses zones d\u00e9garnies, il a fait pousser des cheveux forts et en bonne sant\u00e9.<\/span><\/p><p><span style=\"font-weight: 400;\">Sa ligne de cheveux est plus dense, ses cheveux sont brillants et ont nettement plus de volume.<\/span><\/p><p><span style=\"font-weight: 400;\">Et la confiance en soi de Nora ?<\/span><\/p><p><em><span style=\"font-weight: 400;\">\u00ab Elle est plus \u00e9lev\u00e9e que jamais ! \u00bb<\/span><\/em><\/p>\t\t\t\t\t\t\t\t<\/div>\n\t\t\t\t<\/div>\n\t\t\t\t<div class=\"elementor-element elementor-element-8f2d903 elementor-widget elementor-widget-image\" data-id=\"8f2d903\" data-element_type=\"widget\" data-e-type=\"widget\" data-widget_type=\"image.default\">\n\t\t\t\t<div class=\"elementor-widget-container\">\n\t\t\t\t\t\t\t\t\t\t\t\t\t\t\t<img loading=\"lazy\" decoding=\"async\" width=\"800\" height=\"450\" src=\"https:\/\/trading-news.oneyeartarget.it\/wp-content\/uploads\/2025\/11\/66f8096ee9e4ff2af1210716_1-1024x576.webp\" class=\"attachment-large size-large wp-image-15865\" alt=\"\" srcset=\"https:\/\/trading-news.oneyeartarget.it\/wp-content\/uploads\/2025\/11\/66f8096ee9e4ff2af1210716_1-1024x576.webp 1024w, https:\/\/trading-news.oneyeartarget.it\/wp-content\/uploads\/2025\/11\/66f8096ee9e4ff2af1210716_1-300x169.webp 300w, https:\/\/trading-news.oneyeartarget.it\/wp-content\/uploads\/2025\/11\/66f8096ee9e4ff2af1210716_1-768x432.webp 768w, https:\/\/trading-news.oneyeartarget.it\/wp-content\/uploads\/2025\/11\/66f8096ee9e4ff2af1210716_1-1536x864.webp 1536w, https:\/\/trading-news.oneyeartarget.it\/wp-content\/uploads\/2025\/11\/66f8096ee9e4ff2af1210716_1.webp 1600w\" sizes=\"(max-width: 800px) 100vw, 800px\" \/>\t\t\t\t\t\t\t\t\t\t\t\t\t\t\t<\/div>\n\t\t\t\t<\/div>\n\t\t\t\t<div class=\"elementor-element elementor-element-7dd712ea elementor-widget elementor-widget-heading\" data-id=\"7dd712ea\" data-element_type=\"widget\" data-e-type=\"widget\" data-widget_type=\"heading.default\">\n\t\t\t\t<div class=\"elementor-widget-container\">\n\t\t\t\t\t<h3 class=\"elementor-heading-title elementor-size-default\">Vous voulez \u00e9viter tout risque ? Alors assurez-vous le ShinyHair Booster de Pousse Capillaire 100 % sans risque gr\u00e2ce \u00e0 la garantie satisfait ou rembours\u00e9 de 180 jours !<\/h3>\t\t\t\t<\/div>\n\t\t\t\t<\/div>\n\t\t\t\t<div class=\"elementor-element elementor-element-45e2eb60 elementor-widget elementor-widget-text-editor\" data-id=\"45e2eb60\" data-element_type=\"widget\" data-e-type=\"widget\" data-widget_type=\"text-editor.default\">\n\t\t\t\t<div class=\"elementor-widget-container\">\n\t\t\t\t\t\t\t\t\t<p><span style=\"font-weight: 400;\">Plus vous prenez le ShinyHair Booster de Pousse Capillaire longtemps, plus son effet devient puissant.<\/span><span style=\"font-weight: 400;\"><br \/><\/span><span style=\"font-weight: 400;\"> Les meilleurs r\u00e9sultats sont obtenus par les clientes \u2013 comme Nora \u2013 g\u00e9n\u00e9ralement avec une cure de 3 mois.<\/span><\/p><p><span style=\"font-weight: 400;\">Pour cette raison, le fabricant propose actuellement cette cure \u00e0 un prix sp\u00e9cial.<\/span><span style=\"font-weight: 400;\"><br \/><\/span><span style=\"font-weight: 400;\"> Ainsi, vous \u00eates certaine d\u2019obtenir les meilleurs r\u00e9sultats tout en \u00e9conomisant consid\u00e9rablement (vous \u00e9conomisez plus de 60 \u20ac !).<\/span><\/p><p><span style=\"font-weight: 400;\">Si toutefois vous n\u2019\u00e9tiez pas satisfaite du r\u00e9sultat, vous pouvez profiter de la garantie de remboursement de 180 jours.<\/span><\/p>\t\t\t\t\t\t\t\t<\/div>\n\t\t\t\t<\/div>\n\t\t\t\t<div class=\"elementor-element elementor-element-5d08059 elementor-widget elementor-widget-image\" data-id=\"5d08059\" data-element_type=\"widget\" data-e-type=\"widget\" data-widget_type=\"image.default\">\n\t\t\t\t<div class=\"elementor-widget-container\">\n\t\t\t\t\t\t\t\t\t\t\t\t\t\t\t<img loading=\"lazy\" decoding=\"async\" width=\"800\" height=\"800\" src=\"https:\/\/trading-news.oneyeartarget.it\/wp-content\/uploads\/2025\/11\/xo-french-translation-5-1-1024x1024.webp\" class=\"attachment-large size-large wp-image-15873\" alt=\"\" srcset=\"https:\/\/trading-news.oneyeartarget.it\/wp-content\/uploads\/2025\/11\/xo-french-translation-5-1-1024x1024.webp 1024w, https:\/\/trading-news.oneyeartarget.it\/wp-content\/uploads\/2025\/11\/xo-french-translation-5-1-300x300.webp 300w, https:\/\/trading-news.oneyeartarget.it\/wp-content\/uploads\/2025\/11\/xo-french-translation-5-1-150x150.webp 150w, https:\/\/trading-news.oneyeartarget.it\/wp-content\/uploads\/2025\/11\/xo-french-translation-5-1-768x768.webp 768w, https:\/\/trading-news.oneyeartarget.it\/wp-content\/uploads\/2025\/11\/xo-french-translation-5-1.webp 1080w\" sizes=\"(max-width: 800px) 100vw, 800px\" \/>\t\t\t\t\t\t\t\t\t\t\t\t\t\t\t<\/div>\n\t\t\t\t<\/div>\n\t\t\t\t<div class=\"elementor-element elementor-element-0c2411a elementor-widget elementor-widget-heading\" data-id=\"0c2411a\" data-element_type=\"widget\" data-e-type=\"widget\" data-widget_type=\"heading.default\">\n\t\t\t\t<div class=\"elementor-widget-container\">\n\t\t\t\t\t<h3 class=\"elementor-heading-title elementor-size-default\">Vous voulez \u00e9viter tout risque ? Alors assurez-vous le ShinyHair Booster de Pousse Capillaire 100 % sans risque gr\u00e2ce \u00e0 la garantie satisfait ou rembours\u00e9 de 180 jours !<\/h3>\t\t\t\t<\/div>\n\t\t\t\t<\/div>\n\t\t\t\t<div class=\"elementor-element elementor-element-7784b767 elementor-widget elementor-widget-text-editor\" data-id=\"7784b767\" data-element_type=\"widget\" data-e-type=\"widget\" data-widget_type=\"text-editor.default\">\n\t\t\t\t<div class=\"elementor-widget-container\">\n\t\t\t\t\t\t\t\t\t<p><span style=\"font-weight: 400;\">En substance, vous avez deux possibilit\u00e9s :<\/span><\/p><p><b>Option 1 :<\/b><span style=\"font-weight: 400;\"> Vous quittez cette page, vous ne commandez pas le ShinyHair Booster de Pousse Capillaire et continuez \u00e0 utiliser les m\u00eames produits inefficaces pour la pousse des cheveux \u2013 sans aucun v\u00e9ritable effet sur votre chevelure.<\/span><\/p><p><b>Ou, Option 2 :<\/b><span style=\"font-weight: 400;\"> Vous faites comme des milliers d\u2019autres femmes, vous testez le ShinyHair Booster de Pousse Capillaire totalement sans risque et vous profitez des compliments lors de la prochaine f\u00eate d\u2019entreprise ou r\u00e9union de famille !<\/span><\/p><p><span style=\"font-weight: 400;\">Il vous suffit de cliquer sur le bouton ci-dessous et de vous en convaincre par vous-m\u00eame !<\/span><\/p>\t\t\t\t\t\t\t\t<\/div>\n\t\t\t\t<\/div>\n\t\t\t\t<div class=\"elementor-element elementor-element-4915317a elementor-widget elementor-widget-image\" data-id=\"4915317a\" data-element_type=\"widget\" data-e-type=\"widget\" data-widget_type=\"image.default\">\n\t\t\t\t<div class=\"elementor-widget-container\">\n\t\t\t\t\t\t\t\t\t\t\t\t\t\t\t<img loading=\"lazy\" decoding=\"async\" width=\"1554\" height=\"994\" src=\"https:\/\/trading-news.oneyeartarget.it\/wp-content\/uploads\/2025\/09\/Frpage-40-1.jpg\" class=\"attachment-full size-full wp-image-14811\" alt=\"\" srcset=\"https:\/\/trading-news.oneyeartarget.it\/wp-content\/uploads\/2025\/09\/Frpage-40-1.jpg 1554w, https:\/\/trading-news.oneyeartarget.it\/wp-content\/uploads\/2025\/09\/Frpage-40-1-300x192.jpg 300w, https:\/\/trading-news.oneyeartarget.it\/wp-content\/uploads\/2025\/09\/Frpage-40-1-1024x655.jpg 1024w, https:\/\/trading-news.oneyeartarget.it\/wp-content\/uploads\/2025\/09\/Frpage-40-1-768x491.jpg 768w, https:\/\/trading-news.oneyeartarget.it\/wp-content\/uploads\/2025\/09\/Frpage-40-1-1536x982.jpg 1536w\" sizes=\"(max-width: 1554px) 100vw, 1554px\" \/>\t\t\t\t\t\t\t\t\t\t\t\t\t\t\t<\/div>\n\t\t\t\t<\/div>\n\t\t\t\t<div class=\"elementor-element elementor-element-bf7a7d1 elementor-align-justify cta elementor-widget elementor-widget-button\" data-id=\"bf7a7d1\" data-element_type=\"widget\" data-e-type=\"widget\" data-widget_type=\"button.default\">\n\t\t\t\t<div class=\"elementor-widget-container\">\n\t\t\t\t\t\t\t\t\t<div class=\"elementor-button-wrapper\">\n\t\t\t\t\t<a class=\"elementor-button elementor-button-link elementor-size-sm\" href=\"#\">\n\t\t\t\t\t\t<span class=\"elementor-button-content-wrapper\">\n\t\t\t\t\t\t\t\t\t<span class=\"elementor-button-text\">D\u00e9couvrez prix et disponibilit\u00e9 <\/span>\n\t\t\t\t\t<\/span>\n\t\t\t\t\t<\/a>\n\t\t\t\t<\/div>\n\t\t\t\t\t\t\t\t<\/div>\n\t\t\t\t<\/div>\n\t\t\t\t<div class=\"elementor-element elementor-element-54d2689 elementor-widget elementor-widget-text-editor\" data-id=\"54d2689\" data-element_type=\"widget\" data-e-type=\"widget\" data-widget_type=\"text-editor.default\">\n\t\t\t\t<div class=\"elementor-widget-container\">\n\t\t\t\t\t\t\t\t\t<p><em>Cliquez maintenant sur le bouton pour d\u00e9couvrir facilement la disponibilit\u00e9 du Booster de Pousse Capillaire\u2122 de ShinyHair sur leur shop officiel\u00a0<\/em><\/p>\t\t\t\t\t\t\t\t<\/div>\n\t\t\t\t<\/div>\n\t\t\t\t<div class=\"elementor-element elementor-element-796d5000 elementor-widget elementor-widget-image\" data-id=\"796d5000\" data-element_type=\"widget\" data-e-type=\"widget\" data-widget_type=\"image.default\">\n\t\t\t\t<div class=\"elementor-widget-container\">\n\t\t\t\t\t\t\t\t\t\t\t\t\t\t\t<img loading=\"lazy\" decoding=\"async\" width=\"1080\" height=\"1080\" src=\"https:\/\/trading-news.oneyeartarget.it\/wp-content\/uploads\/2025\/09\/FRpage-6-1.jpg\" class=\"attachment-full size-full wp-image-14813\" alt=\"\" srcset=\"https:\/\/trading-news.oneyeartarget.it\/wp-content\/uploads\/2025\/09\/FRpage-6-1.jpg 1080w, https:\/\/trading-news.oneyeartarget.it\/wp-content\/uploads\/2025\/09\/FRpage-6-1-300x300.jpg 300w, https:\/\/trading-news.oneyeartarget.it\/wp-content\/uploads\/2025\/09\/FRpage-6-1-1024x1024.jpg 1024w, https:\/\/trading-news.oneyeartarget.it\/wp-content\/uploads\/2025\/09\/FRpage-6-1-150x150.jpg 150w, https:\/\/trading-news.oneyeartarget.it\/wp-content\/uploads\/2025\/09\/FRpage-6-1-768x768.jpg 768w\" sizes=\"(max-width: 1080px) 100vw, 1080px\" \/>\t\t\t\t\t\t\t\t\t\t\t\t\t\t\t<\/div>\n\t\t\t\t<\/div>\n\t\t\t\t<div class=\"elementor-element elementor-element-d174861 elementor-align-justify cta elementor-widget elementor-widget-button\" data-id=\"d174861\" data-element_type=\"widget\" data-e-type=\"widget\" data-widget_type=\"button.default\">\n\t\t\t\t<div class=\"elementor-widget-container\">\n\t\t\t\t\t\t\t\t\t<div class=\"elementor-button-wrapper\">\n\t\t\t\t\t<a class=\"elementor-button elementor-button-link elementor-size-sm\" href=\"#\">\n\t\t\t\t\t\t<span class=\"elementor-button-content-wrapper\">\n\t\t\t\t\t\t\t\t\t<span class=\"elementor-button-text\">D\u00e9couvrez prix et disponibilit\u00e9 <\/span>\n\t\t\t\t\t<\/span>\n\t\t\t\t\t<\/a>\n\t\t\t\t<\/div>\n\t\t\t\t\t\t\t\t<\/div>\n\t\t\t\t<\/div>\n\t\t\t\t<div class=\"elementor-element elementor-element-508da8ea elementor-widget elementor-widget-text-editor\" data-id=\"508da8ea\" data-element_type=\"widget\" data-e-type=\"widget\" data-widget_type=\"text-editor.default\">\n\t\t\t\t<div class=\"elementor-widget-container\">\n\t\t\t\t\t\t\t\t\t<p><em>Cliquez maintenant sur le bouton pour d\u00e9couvrir facilement la disponibilit\u00e9 du Booster de Pousse Capillaire\u2122 de ShinyHair sur leur shop officiel&nbsp;<\/em><\/p>\t\t\t\t\t\t\t\t<\/div>\n\t\t\t\t<\/div>\n\t\t<div class=\"elementor-element elementor-element-6fec47ec e-con-full e-flex e-con e-child\" data-id=\"6fec47ec\" data-element_type=\"container\" data-e-type=\"container\">\n\t\t<div class=\"elementor-element elementor-element-327ad108 e-con-full e-flex e-con e-child\" data-id=\"327ad108\" data-element_type=\"container\" data-e-type=\"container\" data-settings=\"{&quot;background_background&quot;:&quot;classic&quot;}\">\n\t\t\t\t<div class=\"elementor-element elementor-element-2f155631 elementor-position-left elementor-vertical-align-middle elementor-widget elementor-widget-image-box\" data-id=\"2f155631\" data-element_type=\"widget\" data-e-type=\"widget\" data-widget_type=\"image-box.default\">\n\t\t\t\t<div class=\"elementor-widget-container\">\n\t\t\t\t\t<div class=\"elementor-image-box-wrapper\"><figure class=\"elementor-image-box-img\"><img loading=\"lazy\" decoding=\"async\" width=\"512\" height=\"512\" src=\"https:\/\/trading-news.oneyeartarget.it\/wp-content\/uploads\/2025\/09\/percentage-1.png\" class=\"attachment-full size-full wp-image-14814\" alt=\"\" srcset=\"https:\/\/trading-news.oneyeartarget.it\/wp-content\/uploads\/2025\/09\/percentage-1.png 512w, https:\/\/trading-news.oneyeartarget.it\/wp-content\/uploads\/2025\/09\/percentage-1-300x300.png 300w, https:\/\/trading-news.oneyeartarget.it\/wp-content\/uploads\/2025\/09\/percentage-1-150x150.png 150w\" sizes=\"(max-width: 512px) 100vw, 512px\" \/><\/figure><div class=\"elementor-image-box-content\"><h3 class=\"elementor-image-box-title\">MISE \u00c0 JOUR <\/h3><\/div><\/div>\t\t\t\t<\/div>\n\t\t\t\t<\/div>\n\t\t\t\t<\/div>\n\t\t<div class=\"elementor-element elementor-element-7423067e e-con-full e-flex e-con e-child\" data-id=\"7423067e\" data-element_type=\"container\" data-e-type=\"container\">\n\t\t\t\t<div class=\"elementor-element elementor-element-e3babcc elementor-widget elementor-widget-text-editor\" data-id=\"e3babcc\" data-element_type=\"widget\" data-e-type=\"widget\" data-widget_type=\"text-editor.default\">\n\t\t\t\t<div class=\"elementor-widget-container\">\n\t\t\t\t\t\t\t\t\t<p class=\"par-v4-p-5 lead\">En raison de l\u2019\u00e9norme demande, le Booster de Pousse Capillaire\u2122 est souvent en rupture de stock ces derniers temps.<\/p><p class=\"par-v4-p-5 lead\">Il est donc fort probable qu\u2019il ne soit bient\u00f4t\u00a0<strong>plus disponible<\/strong>.<\/p>\t\t\t\t\t\t\t\t<\/div>\n\t\t\t\t<\/div>\n\t\t<div class=\"elementor-element elementor-element-aadc90f e-con-full e-flex e-con e-child\" data-id=\"aadc90f\" data-element_type=\"container\" data-e-type=\"container\" data-settings=\"{&quot;background_background&quot;:&quot;classic&quot;}\">\n\t\t\t\t<div class=\"elementor-element elementor-element-60a0a11d elementor-position-left elementor-vertical-align-middle elementor-widget elementor-widget-image-box\" data-id=\"60a0a11d\" data-element_type=\"widget\" data-e-type=\"widget\" data-widget_type=\"image-box.default\">\n\t\t\t\t<div class=\"elementor-widget-container\">\n\t\t\t\t\t<div class=\"elementor-image-box-wrapper\"><figure class=\"elementor-image-box-img\"><img loading=\"lazy\" decoding=\"async\" width=\"1080\" height=\"1080\" src=\"https:\/\/trading-news.oneyeartarget.it\/wp-content\/uploads\/2025\/09\/Redakteur-58-1.jpg\" class=\"attachment-full size-full wp-image-14815\" alt=\"\" srcset=\"https:\/\/trading-news.oneyeartarget.it\/wp-content\/uploads\/2025\/09\/Redakteur-58-1.jpg 1080w, https:\/\/trading-news.oneyeartarget.it\/wp-content\/uploads\/2025\/09\/Redakteur-58-1-300x300.jpg 300w, https:\/\/trading-news.oneyeartarget.it\/wp-content\/uploads\/2025\/09\/Redakteur-58-1-1024x1024.jpg 1024w, https:\/\/trading-news.oneyeartarget.it\/wp-content\/uploads\/2025\/09\/Redakteur-58-1-150x150.jpg 150w, https:\/\/trading-news.oneyeartarget.it\/wp-content\/uploads\/2025\/09\/Redakteur-58-1-768x768.jpg 768w\" sizes=\"(max-width: 1080px) 100vw, 1080px\" \/><\/figure><div class=\"elementor-image-box-content\"><p class=\"elementor-image-box-description\">Il y a m\u00eame actuellement une campagne de r\u00e9duction.<\/p><\/div><\/div>\t\t\t\t<\/div>\n\t\t\t\t<\/div>\n\t\t\t\t<\/div>\n\t\t\t\t<div class=\"elementor-element elementor-element-1fc646bf elementor-widget elementor-widget-text-editor\" data-id=\"1fc646bf\" data-element_type=\"widget\" data-e-type=\"widget\" data-widget_type=\"text-editor.default\">\n\t\t\t\t<div class=\"elementor-widget-container\">\n\t\t\t\t\t\t\t\t\t<p class=\"par-v4-p-5 lead\">Actuellement, une\u00a0<strong>offre promotionnelle<\/strong>\u00a0est m\u00eame en cours.<br \/>Mais attention : une fois \u00e9puis\u00e9, il faut compter\u00a0<strong>6 \u00e0 8 semaines<\/strong>\u00a0pour qu\u2019il soit \u00e0 nouveau en stock.<\/p><p class=\"par-v4-p-5 lead\">C\u2019est pourquoi je te recommande vivement de r\u00e9server d\u00e8s maintenant le\u00a0<strong>pack 3 mois<\/strong>.<\/p><p class=\"par-v4-p-5 lead\">Cela te permet non seulement de t\u2019assurer que tes cheveux deviennent plus denses et brillants\u2026<\/p><p class=\"par-v4-p-5 lead\">\u2026 mais tu \u00e9conomises aussi\u00a0<strong>58 \u20ac<\/strong>\u00a0par rapport au prix habituel !<\/p><p class=\"par-v4-p-5 lead\">De quoi te payer une belle s\u00e9ance chez le coiffeur quand tes cheveux auront retrouv\u00e9 toute leur superbe.<\/p><p class=\"par-v4-p-5 lead\">Et ce n\u2019est pas tout : pour toute commande du\u00a0<strong>pack 3 mois<\/strong>, tu re\u00e7ois\u00a0<strong>gratuitement une brosse anti-n\u0153uds<\/strong>\u00a0sp\u00e9cialement con\u00e7ue pour les cheveux longs.<\/p>\t\t\t\t\t\t\t\t<\/div>\n\t\t\t\t<\/div>\n\t\t<div class=\"elementor-element elementor-element-7cc8e0fe e-con-full e-flex e-con e-child\" data-id=\"7cc8e0fe\" data-element_type=\"container\" data-e-type=\"container\" data-settings=\"{&quot;background_background&quot;:&quot;classic&quot;}\">\n\t\t\t\t<div class=\"elementor-element elementor-element-3c92da77 elementor-widget elementor-widget-heading\" data-id=\"3c92da77\" data-element_type=\"widget\" data-e-type=\"widget\" data-widget_type=\"heading.default\">\n\t\t\t\t<div class=\"elementor-widget-container\">\n\t\t\t\t\t<h3 class=\"elementor-heading-title elementor-size-default\">Une erreur qu\u2019on voit souvent :<\/h3>\t\t\t\t<\/div>\n\t\t\t\t<\/div>\n\t\t\t\t<div class=\"elementor-element elementor-element-73d59d1f elementor-widget elementor-widget-text-editor\" data-id=\"73d59d1f\" data-element_type=\"widget\" data-e-type=\"widget\" data-widget_type=\"text-editor.default\">\n\t\t\t\t<div class=\"elementor-widget-container\">\n\t\t\t\t\t\t\t\t\t<p class=\"par-v4-p-5 lead\">Beaucoup de lecteurs et lectrices commandent d\u2019abord\u00a0<strong>une seule bo\u00eete<\/strong>, juste pour tester.<\/p><p class=\"par-v4-p-5 lead\">Et une fois qu\u2019ils voient \u00e0 quel point \u00e7a fonctionne bien, ils veulent en recommander pour plusieurs mois afin de traiter la chute de cheveux jusqu\u2019au bout.<\/p>\t\t\t\t\t\t\t\t<\/div>\n\t\t\t\t<\/div>\n\t\t\t\t<\/div>\n\t\t\t\t<div class=\"elementor-element elementor-element-42359516 elementor-widget elementor-widget-text-editor\" data-id=\"42359516\" data-element_type=\"widget\" data-e-type=\"widget\" data-widget_type=\"text-editor.default\">\n\t\t\t\t<div class=\"elementor-widget-container\">\n\t\t\t\t\t\t\t\t\t<p class=\"par-v4-p-5 lead\"><strong>Mais \u00e0 ce moment-l\u00e0\u2026 le produit est d\u00e9j\u00e0 en rupture !<br \/><\/strong>Et pendant les deux mois d\u2019attente, la chute revient \u2014 d\u00e9sagr\u00e9able et frustrante.<\/p><p class=\"par-v4-p-5 lead\">Car c\u2019est un fait :\u00a0<strong>la chute de cheveux doit \u00eatre trait\u00e9e de mani\u00e8re continue et compl\u00e8te<\/strong>\u00a0pour \u00eatre \u00e9limin\u00e9e durablement.<\/p><p class=\"par-v4-p-5 lead\">Si tu interromps la cure, tu risques de\u00a0<strong>perdre tous les progr\u00e8s r\u00e9alis\u00e9s<\/strong>,<br \/>et tu devras tout recommencer depuis le d\u00e9but.<\/p><p class=\"par-v4-p-5 lead\"><strong>Ce qui, on est d\u2019accord, est extr\u00eamement frustrant.<\/strong><\/p>\t\t\t\t\t\t\t\t<\/div>\n\t\t\t\t<\/div>\n\t\t\t\t<div class=\"elementor-element elementor-element-54942cec elementor-widget elementor-widget-heading\" data-id=\"54942cec\" data-element_type=\"widget\" data-e-type=\"widget\" data-widget_type=\"heading.default\">\n\t\t\t\t<div class=\"elementor-widget-container\">\n\t\t\t\t\t<h3 class=\"elementor-heading-title elementor-size-default\">Mon conseil : prends tout de suite le pack 3 mois.<\/h3>\t\t\t\t<\/div>\n\t\t\t\t<\/div>\n\t\t\t\t<div class=\"elementor-element elementor-element-48a3ef04 elementor-widget elementor-widget-text-editor\" data-id=\"48a3ef04\" data-element_type=\"widget\" data-e-type=\"widget\" data-widget_type=\"text-editor.default\">\n\t\t\t\t<div class=\"elementor-widget-container\">\n\t\t\t\t\t\t\t\t\t<p class=\"par-v4-p-5 lead\">Et si tu as encore des doutes : ton achat est\u00a0<strong>100 % garanti pendant 180 jours<\/strong>.<\/p><p class=\"par-v4-p-5 lead\">Que tu choisisses le pack 1 mois ou 3 mois, tu as\u00a0<strong>180 jours<\/strong>\u00a0pour d\u00e9cider si le Booster de Pousse Capillaire\u2122 te convient.<\/p><p class=\"par-v4-p-5 lead\"><strong>Et si, pour une raison ou une autre, tu n\u2019es pas satisfait(e), tu seras rembours\u00e9(e) int\u00e9gralement, sans discussion.<\/strong><\/p><p class=\"par-v4-p-5 lead\">Cette garantie de confiance est possible uniquement parce que\u00a0<strong>plus de 97 % des utilisateurs sont tr\u00e8s satisfaits<\/strong>\u00a0des r\u00e9sultats du Booster de Pousse Capillaire\u2122.<\/p>\t\t\t\t\t\t\t\t<\/div>\n\t\t\t\t<\/div>\n\t\t\t\t<div class=\"elementor-element elementor-element-84460ac elementor-align-justify cta elementor-widget elementor-widget-button\" data-id=\"84460ac\" data-element_type=\"widget\" data-e-type=\"widget\" data-widget_type=\"button.default\">\n\t\t\t\t<div class=\"elementor-widget-container\">\n\t\t\t\t\t\t\t\t\t<div class=\"elementor-button-wrapper\">\n\t\t\t\t\t<a class=\"elementor-button elementor-button-link elementor-size-sm\" href=\"#\">\n\t\t\t\t\t\t<span class=\"elementor-button-content-wrapper\">\n\t\t\t\t\t\t\t\t\t<span class=\"elementor-button-text\">D\u00e9couvrez prix et disponibilit\u00e9 <\/span>\n\t\t\t\t\t<\/span>\n\t\t\t\t\t<\/a>\n\t\t\t\t<\/div>\n\t\t\t\t\t\t\t\t<\/div>\n\t\t\t\t<\/div>\n\t\t\t\t<div class=\"elementor-element elementor-element-0ee55c2 elementor-widget elementor-widget-text-editor\" data-id=\"0ee55c2\" data-element_type=\"widget\" data-e-type=\"widget\" data-widget_type=\"text-editor.default\">\n\t\t\t\t<div class=\"elementor-widget-container\">\n\t\t\t\t\t\t\t\t\t<p><em>Cliquez maintenant sur le bouton pour d\u00e9couvrir facilement la disponibilit\u00e9 du Booster de Pousse Capillaire\u2122 de ShinyHair sur leur shop officiel\u00a0<\/em><\/p>\t\t\t\t\t\t\t\t<\/div>\n\t\t\t\t<\/div>\n\t\t\t\t<\/div>\n\t\t\t\t<div class=\"elementor-element elementor-element-11df2080 elementor-widget-divider--view-line elementor-widget elementor-widget-divider\" data-id=\"11df2080\" data-element_type=\"widget\" data-e-type=\"widget\" data-widget_type=\"divider.default\">\n\t\t\t\t<div class=\"elementor-widget-container\">\n\t\t\t\t\t\t\t<div class=\"elementor-divider\">\n\t\t\t<span class=\"elementor-divider-separator\">\n\t\t\t\t\t\t<\/span>\n\t\t<\/div>\n\t\t\t\t\t\t<\/div>\n\t\t\t\t<\/div>\n\t\t\t\t<div class=\"elementor-element elementor-element-e9cfa9f elementor-widget-divider--view-line elementor-widget elementor-widget-divider\" data-id=\"e9cfa9f\" data-element_type=\"widget\" data-e-type=\"widget\" data-widget_type=\"divider.default\">\n\t\t\t\t<div class=\"elementor-widget-container\">\n\t\t\t\t\t\t\t<div class=\"elementor-divider\">\n\t\t\t<span class=\"elementor-divider-separator\">\n\t\t\t\t\t\t<\/span>\n\t\t<\/div>\n\t\t\t\t\t\t<\/div>\n\t\t\t\t<\/div>\n\t\t\t\t<\/div>\n\t\t<div class=\"elementor-element elementor-element-4bec0e6f e-con-full e-flex e-con e-child\" data-id=\"4bec0e6f\" data-element_type=\"container\" data-e-type=\"container\" data-settings=\"{&quot;background_background&quot;:&quot;classic&quot;}\">\n\t\t\t\t<div class=\"elementor-element elementor-element-6bdfbf58 elementor-widget elementor-widget-heading\" data-id=\"6bdfbf58\" data-element_type=\"widget\" data-e-type=\"widget\" data-widget_type=\"heading.default\">\n\t\t\t\t<div class=\"elementor-widget-container\">\n\t\t\t\t\t<h3 class=\"elementor-heading-title elementor-size-default\">\u00c0 propos de Cheveux Et Harmonie<\/h3>\t\t\t\t<\/div>\n\t\t\t\t<\/div>\n\t\t\t\t<div class=\"elementor-element elementor-element-28685488 elementor-widget elementor-widget-text-editor\" data-id=\"28685488\" data-element_type=\"widget\" data-e-type=\"widget\" data-widget_type=\"text-editor.default\">\n\t\t\t\t<div class=\"elementor-widget-container\">\n\t\t\t\t\t\t\t\t\t<p class=\"par-v4-p-5 lead\"><strong>Cheveux Et Harmonie<\/strong>\u00a0rend les connaissances de sant\u00e9 accessibles et compr\u00e9hensibles pour le quotidien.<\/p><p class=\"par-v4-p-5 lead\">Notre \u00e9quipe, compos\u00e9e de pharmaciens, de r\u00e9dacteurs m\u00e9dicaux et d\u2019experts, travaille chaque jour \u00e0 rendre les sujets m\u00e9dicaux clairs, fiables et concrets \u2014 qu\u2019il s\u2019agisse de rem\u00e8des naturels, de traitements ou de pr\u00e9vention globale.<\/p><p class=\"par-v4-p-5 lead\">Chaque mois, nous atteignons plus de\u00a0<strong>120 000 lecteurs<\/strong>\u00a0qui souhaitent prendre soin de leur sant\u00e9 et vivre de fa\u00e7on plus consciente.<\/p>\t\t\t\t\t\t\t\t<\/div>\n\t\t\t\t<\/div>\n\t\t\t\t<\/div>\n\t\t\t\t<div class=\"elementor-element elementor-element-2c18ccd3 elementor-widget elementor-widget-heading\" data-id=\"2c18ccd3\" data-element_type=\"widget\" data-e-type=\"widget\" data-widget_type=\"heading.default\">\n\t\t\t\t<div class=\"elementor-widget-container\">\n\t\t\t\t\t<h2 class=\"elementor-heading-title elementor-size-default\">Partager avec des amis :\n<\/h2>\t\t\t\t<\/div>\n\t\t\t\t<\/div>\n\t\t\t\t<div class=\"elementor-element elementor-element-166fca2e e-grid-align-left elementor-shape-rounded elementor-grid-0 elementor-widget elementor-widget-social-icons\" data-id=\"166fca2e\" data-element_type=\"widget\" data-e-type=\"widget\" data-widget_type=\"social-icons.default\">\n\t\t\t\t<div class=\"elementor-widget-container\">\n\t\t\t\t\t\t\t<div class=\"elementor-social-icons-wrapper elementor-grid\" role=\"list\">\n\t\t\t\t\t\t\t<span class=\"elementor-grid-item\" role=\"listitem\">\n\t\t\t\t\t<a class=\"elementor-icon elementor-social-icon elementor-social-icon-facebook-f elementor-repeater-item-ff222b1\" target=\"_blank\">\n\t\t\t\t\t\t<span class=\"elementor-screen-only\">Facebook-f<\/span>\n\t\t\t\t\t\t<svg aria-hidden=\"true\" class=\"e-font-icon-svg e-fab-facebook-f\" viewBox=\"0 0 320 512\" xmlns=\"http:\/\/www.w3.org\/2000\/svg\"><path d=\"M279.14 288l14.22-92.66h-88.91v-60.13c0-25.35 12.42-50.06 52.24-50.06h40.42V6.26S260.43 0 225.36 0c-73.22 0-121.08 44.38-121.08 124.72v70.62H22.89V288h81.39v224h100.17V288z\"><\/path><\/svg>\t\t\t\t\t<\/a>\n\t\t\t\t<\/span>\n\t\t\t\t\t\t\t<span class=\"elementor-grid-item\" role=\"listitem\">\n\t\t\t\t\t<a class=\"elementor-icon elementor-social-icon elementor-social-icon-x-twitter elementor-repeater-item-e0477c8\" target=\"_blank\">\n\t\t\t\t\t\t<span class=\"elementor-screen-only\">X-twitter<\/span>\n\t\t\t\t\t\t<svg aria-hidden=\"true\" class=\"e-font-icon-svg e-fab-x-twitter\" viewBox=\"0 0 512 512\" xmlns=\"http:\/\/www.w3.org\/2000\/svg\"><path d=\"M389.2 48h70.6L305.6 224.2 487 464H345L233.7 318.6 106.5 464H35.8L200.7 275.5 26.8 48H172.4L272.9 180.9 389.2 48zM364.4 421.8h39.1L151.1 88h-42L364.4 421.8z\"><\/path><\/svg>\t\t\t\t\t<\/a>\n\t\t\t\t<\/span>\n\t\t\t\t\t\t\t<span class=\"elementor-grid-item\" role=\"listitem\">\n\t\t\t\t\t<a class=\"elementor-icon elementor-social-icon elementor-social-icon-linkedin-in elementor-repeater-item-ce8e9fa\" target=\"_blank\">\n\t\t\t\t\t\t<span class=\"elementor-screen-only\">Linkedin-in<\/span>\n\t\t\t\t\t\t<svg aria-hidden=\"true\" class=\"e-font-icon-svg e-fab-linkedin-in\" viewBox=\"0 0 448 512\" xmlns=\"http:\/\/www.w3.org\/2000\/svg\"><path d=\"M100.28 448H7.4V148.9h92.88zM53.79 108.1C24.09 108.1 0 83.5 0 53.8a53.79 53.79 0 0 1 107.58 0c0 29.7-24.1 54.3-53.79 54.3zM447.9 448h-92.68V302.4c0-34.7-.7-79.2-48.29-79.2-48.29 0-55.69 37.7-55.69 76.7V448h-92.78V148.9h89.08v40.8h1.3c12.4-23.5 42.69-48.3 87.88-48.3 94 0 111.28 61.9 111.28 142.3V448z\"><\/path><\/svg>\t\t\t\t\t<\/a>\n\t\t\t\t<\/span>\n\t\t\t\t\t\t\t<span class=\"elementor-grid-item\" role=\"listitem\">\n\t\t\t\t\t<a class=\"elementor-icon elementor-social-icon elementor-social-icon-envelope elementor-repeater-item-0fe7915\" target=\"_blank\">\n\t\t\t\t\t\t<span class=\"elementor-screen-only\">Envelope<\/span>\n\t\t\t\t\t\t<svg aria-hidden=\"true\" class=\"e-font-icon-svg e-far-envelope\" viewBox=\"0 0 512 512\" xmlns=\"http:\/\/www.w3.org\/2000\/svg\"><path d=\"M464 64H48C21.49 64 0 85.49 0 112v288c0 26.51 21.49 48 48 48h416c26.51 0 48-21.49 48-48V112c0-26.51-21.49-48-48-48zm0 48v40.805c-22.422 18.259-58.168 46.651-134.587 106.49-16.841 13.247-50.201 45.072-73.413 44.701-23.208.375-56.579-31.459-73.413-44.701C106.18 199.465 70.425 171.067 48 152.805V112h416zM48 400V214.398c22.914 18.251 55.409 43.862 104.938 82.646 21.857 17.205 60.134 55.186 103.062 54.955 42.717.231 80.509-37.199 103.053-54.947 49.528-38.783 82.032-64.401 104.947-82.653V400H48z\"><\/path><\/svg>\t\t\t\t\t<\/a>\n\t\t\t\t<\/span>\n\t\t\t\t\t\t\t<span class=\"elementor-grid-item\" role=\"listitem\">\n\t\t\t\t\t<a class=\"elementor-icon elementor-social-icon elementor-social-icon-pinterest-p elementor-repeater-item-cc8c883\" target=\"_blank\">\n\t\t\t\t\t\t<span class=\"elementor-screen-only\">Pinterest-p<\/span>\n\t\t\t\t\t\t<svg aria-hidden=\"true\" class=\"e-font-icon-svg e-fab-pinterest-p\" viewBox=\"0 0 384 512\" xmlns=\"http:\/\/www.w3.org\/2000\/svg\"><path d=\"M204 6.5C101.4 6.5 0 74.9 0 185.6 0 256 39.6 296 63.6 296c9.9 0 15.6-27.6 15.6-35.4 0-9.3-23.7-29.1-23.7-67.8 0-80.4 61.2-137.4 140.4-137.4 68.1 0 118.5 38.7 118.5 109.8 0 53.1-21.3 152.7-90.3 152.7-24.9 0-46.2-18-46.2-43.8 0-37.8 26.4-74.4 26.4-113.4 0-66.2-93.9-54.2-93.9 25.8 0 16.8 2.1 35.4 9.6 50.7-13.8 59.4-42 147.9-42 209.1 0 18.9 2.7 37.5 4.5 56.4 3.4 3.8 1.7 3.4 6.9 1.5 50.4-69 48.6-82.5 71.4-172.8 12.3 23.4 44.1 36 69.3 36 106.2 0 153.9-103.5 153.9-196.8C384 71.3 298.2 6.5 204 6.5z\"><\/path><\/svg>\t\t\t\t\t<\/a>\n\t\t\t\t<\/span>\n\t\t\t\t\t<\/div>\n\t\t\t\t\t\t<\/div>\n\t\t\t\t<\/div>\n\t\t\t\t<div class=\"elementor-element elementor-element-30823645 elementor-widget-divider--view-line elementor-widget elementor-widget-divider\" data-id=\"30823645\" data-element_type=\"widget\" data-e-type=\"widget\" data-widget_type=\"divider.default\">\n\t\t\t\t<div class=\"elementor-widget-container\">\n\t\t\t\t\t\t\t<div class=\"elementor-divider\">\n\t\t\t<span class=\"elementor-divider-separator\">\n\t\t\t\t\t\t<\/span>\n\t\t<\/div>\n\t\t\t\t\t\t<\/div>\n\t\t\t\t<\/div>\n\t\t\t\t<div class=\"elementor-element elementor-element-6039d7ba elementor-widget elementor-widget-heading\" data-id=\"6039d7ba\" data-element_type=\"widget\" data-e-type=\"widget\" data-widget_type=\"heading.default\">\n\t\t\t\t<div class=\"elementor-widget-container\">\n\t\t\t\t\t<h2 class=\"elementor-heading-title elementor-size-default\">Sources et \u00e9tudes :<\/h2>\t\t\t\t<\/div>\n\t\t\t\t<\/div>\n\t\t\t\t<div class=\"elementor-element elementor-element-18b16fa3 elementor-widget elementor-widget-text-editor\" data-id=\"18b16fa3\" data-element_type=\"widget\" data-e-type=\"widget\" data-widget_type=\"text-editor.default\">\n\t\t\t\t<div class=\"elementor-widget-container\">\n\t\t\t\t\t\t\t\t\t<p class=\"par-v4-p-5 lead quellen\"><strong class=\"bold-text-266 quellen\">1.\u00a0<\/strong><a href=\"https:\/\/www.pharmazeutische-zeitung.de\/titel-26-2004\/?utm_source.com\"><strong class=\"bold-text-266 quellen\">https:\/\/www.pharmazeutische-zeitung.de\/titel-26-2004\/?utm_source.com<\/strong><\/a><\/p><p class=\"par-v4-p-5 lead quellen\"><strong class=\"bold-text-266 quellen\">2.\u00a0<\/strong><a href=\"https:\/\/link.springer.com\/article\/10.1007\/s15012-016-2077-z?utm_source=chatgpt.com\"><strong class=\"bold-text-266 quellen\">https:\/\/link.springer.com\/article\/10.1007\/s15012-016-2077-z?utm_source.com<\/strong><\/a><\/p>\t\t\t\t\t\t\t\t<\/div>\n\t\t\t\t<\/div>\n\t\t\t\t<div class=\"elementor-element elementor-element-60268e9 elementor-widget elementor-widget-text-editor\" data-id=\"60268e9\" data-element_type=\"widget\" data-e-type=\"widget\" data-widget_type=\"text-editor.default\">\n\t\t\t\t<div class=\"elementor-widget-container\">\n\t\t\t\t\t\t\t\t\t<p>Avertissement : Ce produit n\u2019est pas destin\u00e9 \u00e0 diagnostiquer, traiter, gu\u00e9rir ou pr\u00e9venir une maladie quelconque.<br data-start=\"176\" data-end=\"179\" \/>Les informations fournies sur ce site sont uniquement \u00e0 titre informatif et ne doivent pas se substituer aux conseils de votre m\u00e9decin ou d\u2019un autre professionnel de sant\u00e9. Vous devriez consulter un m\u00e9decin ou un professionnel de sant\u00e9 avant de commencer tout programme de r\u00e9gime, d\u2019exercice ou de suppl\u00e9mentation, avant de prendre tout m\u00e9dicament ou compl\u00e9ment alimentaire, ou si vous souffrez ou pensez souffrir d\u2019un probl\u00e8me de sant\u00e9. Les r\u00e9sultats peuvent varier.<\/p>\t\t\t\t\t\t\t\t<\/div>\n\t\t\t\t<\/div>\n\t\t\t\t<div class=\"elementor-element elementor-element-9851416 elementor-widget elementor-widget-text-editor\" data-id=\"9851416\" data-element_type=\"widget\" data-e-type=\"widget\" data-widget_type=\"text-editor.default\">\n\t\t\t\t<div class=\"elementor-widget-container\">\n\t\t\t\t\t\t\t\t\t<p>Ingr\u00e9dients :\u00a0<\/p><p>Extrait de bambou, agent d\u2019enrobage : hydroxypropylm\u00e9thylcellulose, extrait d\u2019amla, extrait de Fo Ti, MSM (dim\u00e9thylsulfone), L-m\u00e9thionine, L-cystine, PABA (acide para-aminobenzo\u00efque), extrait de pr\u00eale, gluconate de zinc, ac\u00e9tate de r\u00e9tinyle, bisglycinate de cuivre(II), riboflavine, biotine, s\u00e9l\u00e9nate de sodium.<\/p>\t\t\t\t\t\t\t\t<\/div>\n\t\t\t\t<\/div>\n\t\t\t\t\t<\/div>\n\t\t\t\t<\/div>\n\t\t\t\t\t<\/div>\n\t\t\t\t<\/div>\n\t\t<div class=\"elementor-element elementor-element-2575bdfc e-flex e-con-boxed e-con e-parent\" data-id=\"2575bdfc\" data-element_type=\"container\" data-e-type=\"container\">\n\t\t\t\t\t<div class=\"e-con-inner\">\n\t\t\t\t<div class=\"elementor-element elementor-element-4c35779a elementor-position-left elementor-vertical-align-middle elementor-widget elementor-widget-image-box\" data-id=\"4c35779a\" data-element_type=\"widget\" data-e-type=\"widget\" data-widget_type=\"image-box.default\">\n\t\t\t\t<div class=\"elementor-widget-container\">\n\t\t\t\t\t<div class=\"elementor-image-box-wrapper\"><figure class=\"elementor-image-box-img\"><a href=\"https:\/\/trading-news.oneyeartarget.it\/index.php\/privacy-policy-french\/\" tabindex=\"-1\"><img decoding=\"async\" width=\"244\" height=\"71\" src=\"https:\/\/trading-news.oneyeartarget.it\/wp-content\/uploads\/2025\/09\/logo-copy-1.png\" class=\"attachment-full size-full wp-image-14796\" alt=\"\" \/><\/a><\/figure><\/div>\t\t\t\t<\/div>\n\t\t\t\t<\/div>\n\t\t\t\t<div class=\"elementor-element elementor-element-f69bfef elementor-widget elementor-widget-text-editor\" data-id=\"f69bfef\" data-element_type=\"widget\" data-e-type=\"widget\" data-widget_type=\"text-editor.default\">\n\t\t\t\t<div class=\"elementor-widget-container\">\n\t\t\t\t\t\t\t\t\tCopyright \u00a9 2026 par Cheveux et Harmonie. Tous droits r\u00e9serv\u00e9s.\t\t\t\t\t\t\t\t<\/div>\n\t\t\t\t<\/div>\n\t\t\t\t<div class=\"elementor-element elementor-element-a76fd4b elementor-widget elementor-widget-text-editor\" data-id=\"a76fd4b\" data-element_type=\"widget\" data-e-type=\"widget\" data-widget_type=\"text-editor.default\">\n\t\t\t\t<div class=\"elementor-widget-container\">\n\t\t\t\t\t\t\t\t\t<p><a href=\"https:\/\/trading-news.oneyeartarget.it\/index.php\/privacy-policy-french\/\">Protection des donn\u00e9es<\/a> \u2014 ShinyHair by Arwiama \u2014 ND-Studio Tiblisi 0103, Georgia, Okrokanis Agmarti 7 \u2014 TAX n\u00b001017025399<\/p>\t\t\t\t\t\t\t\t<\/div>\n\t\t\t\t<\/div>\n\t\t<div class=\"elementor-element elementor-element-4087757 e-con-full e-flex e-con e-child\" data-id=\"4087757\" data-element_type=\"container\" data-e-type=\"container\">\n\t\t\t\t<\/div>\n\t\t\t\t\t<\/div>\n\t\t\t\t<\/div>\n\t\t\t\t<\/div>\n\t\t","protected":false},"excerpt":{"rendered":"<p>Un naturopathe exp\u00e9riment\u00e9 avertit : \u00ab Ces 3 signaux r\u00e9v\u00e8lent si vos probl\u00e8mes capillaires sont caus\u00e9s par une carence en nutriments ! \u00bb Alors que de nombreuses personnes ach\u00e8tent des shampooings et des traitements capillaires co\u00fbteux, un naturopathe renomm\u00e9 met en lumi\u00e8re ce dont beaucoup de ses coll\u00e8gues ne parlent qu\u2019\u00e0 voix basse : la [&hellip;]<\/p>\n","protected":false},"author":9,"featured_media":0,"parent":0,"menu_order":0,"comment_status":"closed","ping_status":"closed","template":"elementor_canvas","meta":{"footnotes":""},"folder":[64],"class_list":["post-15801","page","type-page","status-publish","hentry"],"yoast_head":"<!-- This site is optimized with the Yoast SEO plugin v27.5 - https:\/\/yoast.com\/product\/yoast-seo-wordpress\/ -->\n<title>Arwima - A2 - TAB - Angle News novembre 2025 - Notizie Aggiornate<\/title>\n<meta name=\"robots\" content=\"index, follow, max-snippet:-1, max-image-preview:large, max-video-preview:-1\" \/>\n<link rel=\"canonical\" href=\"https:\/\/cheveux-et-harmonie.com\/index.php\/cheveux-et-harmonie-a2-angle-octobre-2025-adv\/\" \/>\n<meta property=\"og:locale\" content=\"it_IT\" \/>\n<meta property=\"og:type\" content=\"article\" \/>\n<meta property=\"og:title\" content=\"Arwima - A2 - TAB - Angle News novembre 2025 - Notizie Aggiornate\" \/>\n<meta property=\"og:description\" content=\"Un naturopathe exp\u00e9riment\u00e9 avertit : \u00ab Ces 3 signaux r\u00e9v\u00e8lent si vos probl\u00e8mes capillaires sont caus\u00e9s par une carence en nutriments ! \u00bb Alors que de nombreuses personnes ach\u00e8tent des shampooings et des traitements capillaires co\u00fbteux, un naturopathe renomm\u00e9 met en lumi\u00e8re ce dont beaucoup de ses coll\u00e8gues ne parlent qu\u2019\u00e0 voix basse : la [&hellip;]\" \/>\n<meta property=\"og:url\" content=\"https:\/\/cheveux-et-harmonie.com\/index.php\/cheveux-et-harmonie-a2-angle-octobre-2025-adv\/\" \/>\n<meta property=\"og:site_name\" content=\"Notizie Aggiornate\" \/>\n<meta property=\"article:modified_time\" content=\"2026-01-17T17:44:20+00:00\" \/>\n<meta property=\"og:image\" content=\"https:\/\/caricamento-articolo-in-corso.com\/wp-content\/uploads\/2025\/09\/logo-copy-1.png\" \/>\n<meta name=\"twitter:card\" content=\"summary_large_image\" \/>\n<meta name=\"twitter:label1\" content=\"Tempo di lettura stimato\" \/>\n\t<meta name=\"twitter:data1\" content=\"19 minuti\" \/>\n<script type=\"application\/ld+json\" class=\"yoast-schema-graph\">{\"@context\":\"https:\\\/\\\/schema.org\",\"@graph\":[{\"@type\":\"WebPage\",\"@id\":\"https:\\\/\\\/cheveux-et-harmonie.com\\\/index.php\\\/cheveux-et-harmonie-a2-angle-octobre-2025-adv\\\/\",\"url\":\"https:\\\/\\\/cheveux-et-harmonie.com\\\/index.php\\\/cheveux-et-harmonie-a2-angle-octobre-2025-adv\\\/\",\"name\":\"Arwima - A2 - TAB - Angle News novembre 2025 - Notizie Aggiornate\",\"isPartOf\":{\"@id\":\"https:\\\/\\\/lingue-facili.com\\\/#website\"},\"primaryImageOfPage\":{\"@id\":\"https:\\\/\\\/cheveux-et-harmonie.com\\\/index.php\\\/cheveux-et-harmonie-a2-angle-octobre-2025-adv\\\/#primaryimage\"},\"image\":{\"@id\":\"https:\\\/\\\/cheveux-et-harmonie.com\\\/index.php\\\/cheveux-et-harmonie-a2-angle-octobre-2025-adv\\\/#primaryimage\"},\"thumbnailUrl\":\"https:\\\/\\\/caricamento-articolo-in-corso.com\\\/wp-content\\\/uploads\\\/2025\\\/09\\\/logo-copy-1.png\",\"datePublished\":\"2025-11-21T18:12:21+00:00\",\"dateModified\":\"2026-01-17T17:44:20+00:00\",\"breadcrumb\":{\"@id\":\"https:\\\/\\\/cheveux-et-harmonie.com\\\/index.php\\\/cheveux-et-harmonie-a2-angle-octobre-2025-adv\\\/#breadcrumb\"},\"inLanguage\":\"it-IT\",\"potentialAction\":[{\"@type\":\"ReadAction\",\"target\":[\"https:\\\/\\\/cheveux-et-harmonie.com\\\/index.php\\\/cheveux-et-harmonie-a2-angle-octobre-2025-adv\\\/\"]}]},{\"@type\":\"ImageObject\",\"inLanguage\":\"it-IT\",\"@id\":\"https:\\\/\\\/cheveux-et-harmonie.com\\\/index.php\\\/cheveux-et-harmonie-a2-angle-octobre-2025-adv\\\/#primaryimage\",\"url\":\"https:\\\/\\\/caricamento-articolo-in-corso.com\\\/wp-content\\\/uploads\\\/2025\\\/09\\\/logo-copy-1.png\",\"contentUrl\":\"https:\\\/\\\/caricamento-articolo-in-corso.com\\\/wp-content\\\/uploads\\\/2025\\\/09\\\/logo-copy-1.png\"},{\"@type\":\"BreadcrumbList\",\"@id\":\"https:\\\/\\\/cheveux-et-harmonie.com\\\/index.php\\\/cheveux-et-harmonie-a2-angle-octobre-2025-adv\\\/#breadcrumb\",\"itemListElement\":[{\"@type\":\"ListItem\",\"position\":1,\"name\":\"Home\",\"item\":\"https:\\\/\\\/lingue-facili.com\\\/\"},{\"@type\":\"ListItem\",\"position\":2,\"name\":\"Arwima &#8211; A2 &#8211; TAB &#8211; Angle News novembre 2025\"}]},{\"@type\":\"WebSite\",\"@id\":\"https:\\\/\\\/lingue-facili.com\\\/#website\",\"url\":\"https:\\\/\\\/lingue-facili.com\\\/\",\"name\":\"Notizie Aggiornate\",\"description\":\"\",\"potentialAction\":[{\"@type\":\"SearchAction\",\"target\":{\"@type\":\"EntryPoint\",\"urlTemplate\":\"https:\\\/\\\/lingue-facili.com\\\/?s={search_term_string}\"},\"query-input\":{\"@type\":\"PropertyValueSpecification\",\"valueRequired\":true,\"valueName\":\"search_term_string\"}}],\"inLanguage\":\"it-IT\"}]}<\/script>\n<!-- \/ Yoast SEO plugin. -->","yoast_head_json":{"title":"Arwima - A2 - TAB - Angle News novembre 2025 - Notizie Aggiornate","robots":{"index":"index","follow":"follow","max-snippet":"max-snippet:-1","max-image-preview":"max-image-preview:large","max-video-preview":"max-video-preview:-1"},"canonical":"https:\/\/cheveux-et-harmonie.com\/index.php\/cheveux-et-harmonie-a2-angle-octobre-2025-adv\/","og_locale":"it_IT","og_type":"article","og_title":"Arwima - A2 - TAB - Angle News novembre 2025 - Notizie Aggiornate","og_description":"Un naturopathe exp\u00e9riment\u00e9 avertit : \u00ab Ces 3 signaux r\u00e9v\u00e8lent si vos probl\u00e8mes capillaires sont caus\u00e9s par une carence en nutriments ! \u00bb Alors que de nombreuses personnes ach\u00e8tent des shampooings et des traitements capillaires co\u00fbteux, un naturopathe renomm\u00e9 met en lumi\u00e8re ce dont beaucoup de ses coll\u00e8gues ne parlent qu\u2019\u00e0 voix basse : la [&hellip;]","og_url":"https:\/\/cheveux-et-harmonie.com\/index.php\/cheveux-et-harmonie-a2-angle-octobre-2025-adv\/","og_site_name":"Notizie Aggiornate","article_modified_time":"2026-01-17T17:44:20+00:00","og_image":[{"url":"https:\/\/caricamento-articolo-in-corso.com\/wp-content\/uploads\/2025\/09\/logo-copy-1.png","type":"","width":"","height":""}],"twitter_card":"summary_large_image","twitter_misc":{"Tempo di lettura stimato":"19 minuti"},"schema":{"@context":"https:\/\/schema.org","@graph":[{"@type":"WebPage","@id":"https:\/\/cheveux-et-harmonie.com\/index.php\/cheveux-et-harmonie-a2-angle-octobre-2025-adv\/","url":"https:\/\/cheveux-et-harmonie.com\/index.php\/cheveux-et-harmonie-a2-angle-octobre-2025-adv\/","name":"Arwima - A2 - TAB - Angle News novembre 2025 - Notizie Aggiornate","isPartOf":{"@id":"https:\/\/lingue-facili.com\/#website"},"primaryImageOfPage":{"@id":"https:\/\/cheveux-et-harmonie.com\/index.php\/cheveux-et-harmonie-a2-angle-octobre-2025-adv\/#primaryimage"},"image":{"@id":"https:\/\/cheveux-et-harmonie.com\/index.php\/cheveux-et-harmonie-a2-angle-octobre-2025-adv\/#primaryimage"},"thumbnailUrl":"https:\/\/caricamento-articolo-in-corso.com\/wp-content\/uploads\/2025\/09\/logo-copy-1.png","datePublished":"2025-11-21T18:12:21+00:00","dateModified":"2026-01-17T17:44:20+00:00","breadcrumb":{"@id":"https:\/\/cheveux-et-harmonie.com\/index.php\/cheveux-et-harmonie-a2-angle-octobre-2025-adv\/#breadcrumb"},"inLanguage":"it-IT","potentialAction":[{"@type":"ReadAction","target":["https:\/\/cheveux-et-harmonie.com\/index.php\/cheveux-et-harmonie-a2-angle-octobre-2025-adv\/"]}]},{"@type":"ImageObject","inLanguage":"it-IT","@id":"https:\/\/cheveux-et-harmonie.com\/index.php\/cheveux-et-harmonie-a2-angle-octobre-2025-adv\/#primaryimage","url":"https:\/\/caricamento-articolo-in-corso.com\/wp-content\/uploads\/2025\/09\/logo-copy-1.png","contentUrl":"https:\/\/caricamento-articolo-in-corso.com\/wp-content\/uploads\/2025\/09\/logo-copy-1.png"},{"@type":"BreadcrumbList","@id":"https:\/\/cheveux-et-harmonie.com\/index.php\/cheveux-et-harmonie-a2-angle-octobre-2025-adv\/#breadcrumb","itemListElement":[{"@type":"ListItem","position":1,"name":"Home","item":"https:\/\/lingue-facili.com\/"},{"@type":"ListItem","position":2,"name":"Arwima &#8211; A2 &#8211; TAB &#8211; Angle News novembre 2025"}]},{"@type":"WebSite","@id":"https:\/\/lingue-facili.com\/#website","url":"https:\/\/lingue-facili.com\/","name":"Notizie Aggiornate","description":"","potentialAction":[{"@type":"SearchAction","target":{"@type":"EntryPoint","urlTemplate":"https:\/\/lingue-facili.com\/?s={search_term_string}"},"query-input":{"@type":"PropertyValueSpecification","valueRequired":true,"valueName":"search_term_string"}}],"inLanguage":"it-IT"}]}},"_links":{"self":[{"href":"https:\/\/trading-news.oneyeartarget.it\/index.php\/wp-json\/wp\/v2\/pages\/15801","targetHints":{"allow":["GET"]}}],"collection":[{"href":"https:\/\/trading-news.oneyeartarget.it\/index.php\/wp-json\/wp\/v2\/pages"}],"about":[{"href":"https:\/\/trading-news.oneyeartarget.it\/index.php\/wp-json\/wp\/v2\/types\/page"}],"author":[{"embeddable":true,"href":"https:\/\/trading-news.oneyeartarget.it\/index.php\/wp-json\/wp\/v2\/users\/9"}],"replies":[{"embeddable":true,"href":"https:\/\/trading-news.oneyeartarget.it\/index.php\/wp-json\/wp\/v2\/comments?post=15801"}],"version-history":[{"count":47,"href":"https:\/\/trading-news.oneyeartarget.it\/index.php\/wp-json\/wp\/v2\/pages\/15801\/revisions"}],"predecessor-version":[{"id":16678,"href":"https:\/\/trading-news.oneyeartarget.it\/index.php\/wp-json\/wp\/v2\/pages\/15801\/revisions\/16678"}],"wp:attachment":[{"href":"https:\/\/trading-news.oneyeartarget.it\/index.php\/wp-json\/wp\/v2\/media?parent=15801"}],"wp:term":[{"taxonomy":"folder","embeddable":true,"href":"https:\/\/trading-news.oneyeartarget.it\/index.php\/wp-json\/wp\/v2\/folder?post=15801"}],"curies":[{"name":"wp","href":"https:\/\/api.w.org\/{rel}","templated":true}]}}